{"id":54,"date":"2025-12-26T14:39:02","date_gmt":"2025-12-26T13:39:02","guid":{"rendered":"https:\/\/karate.at\/ried\/?page_id=54"},"modified":"2026-04-23T15:53:13","modified_gmt":"2026-04-23T14:53:13","slug":"startseite","status":"publish","type":"page","link":"https:\/\/karate.at\/ried\/","title":{"rendered":"Startseite"},"content":{"rendered":"\t\t<div data-elementor-type=\"wp-page\" data-elementor-id=\"54\" class=\"elementor elementor-54\">\n\t\t\t\t<div class=\"elementor-element elementor-element-a2de422 e-flex e-con-boxed e-con e-parent\" data-id=\"a2de422\" data-element_type=\"container\" data-e-type=\"container\" data-settings=\"{&quot;background_background&quot;:&quot;classic&quot;}\">\n\t\t\t\t\t<div class=\"e-con-inner\">\n\t\t<div class=\"elementor-element elementor-element-05b9b85 e-con-full e-flex e-con e-child\" data-id=\"05b9b85\" data-element_type=\"container\" data-e-type=\"container\">\n\t\t\t\t<div class=\"elementor-element elementor-element-9efe05f elementor-widget elementor-widget-heading\" data-id=\"9efe05f\" data-element_type=\"widget\" data-e-type=\"widget\" data-widget_type=\"heading.default\">\n\t\t\t\t\t<h1 class=\"elementor-heading-title elementor-size-default\">Shotokan Karatedo<\/h1>\t\t\t\t<\/div>\n\t\t\t\t<div class=\"elementor-element elementor-element-2982665 elementor-widget elementor-widget-text-editor\" data-id=\"2982665\" data-element_type=\"widget\" data-e-type=\"widget\" data-widget_type=\"text-editor.default\">\n\t\t\t\t\t\t\t\t\t<p class=\"animated fadeIn\">Daikoku Ried im Innkreis<\/p>\t\t\t\t\t\t\t\t<\/div>\n\t\t<div class=\"elementor-element elementor-element-7e2114a e-con-full e-flex e-con e-child\" data-id=\"7e2114a\" data-element_type=\"container\" data-e-type=\"container\">\n\t\t<div class=\"elementor-element elementor-element-8fe7d47 e-con-full e-flex e-con e-child\" data-id=\"8fe7d47\" data-element_type=\"container\" data-e-type=\"container\">\n\t\t\t\t<div class=\"elementor-element elementor-element-cbbc9b8 elementor-align-justify elementor-widget elementor-widget-button\" data-id=\"cbbc9b8\" data-element_type=\"widget\" data-e-type=\"widget\" data-widget_type=\"button.default\">\n\t\t\t\t\t\t\t\t\t\t<a class=\"elementor-button elementor-button-link elementor-size-sm\" href=\"#aktuelles\">\n\t\t\t\t\t\t<span class=\"elementor-button-content-wrapper\">\n\t\t\t\t\t\t\t\t\t<span class=\"elementor-button-text\">Aktuelles<\/span>\n\t\t\t\t\t<\/span>\n\t\t\t\t\t<\/a>\n\t\t\t\t\t\t\t\t<\/div>\n\t\t\t\t<\/div>\n\t\t<div class=\"elementor-element elementor-element-63133d7 e-con-full e-flex e-con e-child\" data-id=\"63133d7\" data-element_type=\"container\" data-e-type=\"container\">\n\t\t\t\t<div class=\"elementor-element elementor-element-4af49c6 elementor-align-justify elementor-widget elementor-widget-button\" data-id=\"4af49c6\" data-element_type=\"widget\" data-e-type=\"widget\" data-widget_type=\"button.default\">\n\t\t\t\t\t\t\t\t\t\t<a class=\"elementor-button elementor-button-link elementor-size-sm\" href=\"https:\/\/karate.at\/ried\/anfaengerkurs\/\">\n\t\t\t\t\t\t<span class=\"elementor-button-content-wrapper\">\n\t\t\t\t\t\t\t\t\t<span class=\"elementor-button-text\">Anf\u00e4ngerkurs<\/span>\n\t\t\t\t\t<\/span>\n\t\t\t\t\t<\/a>\n\t\t\t\t\t\t\t\t<\/div>\n\t\t\t\t<\/div>\n\t\t\t\t<\/div>\n\t\t<div class=\"elementor-element elementor-element-80b56ad e-con-full e-flex e-con e-child\" data-id=\"80b56ad\" data-element_type=\"container\" data-e-type=\"container\">\n\t\t\t\t<div class=\"elementor-element elementor-element-1fcbe96 elementor-view-default elementor-invisible elementor-widget elementor-widget-icon\" data-id=\"1fcbe96\" data-element_type=\"widget\" data-e-type=\"widget\" data-settings=\"{&quot;_animation&quot;:&quot;bounceInDown&quot;}\" data-widget_type=\"icon.default\">\n\t\t\t\t\t\t\t<div class=\"elementor-icon-wrapper\">\n\t\t\t<a class=\"elementor-icon\" href=\"#aktuelles\">\n\t\t\t<svg aria-hidden=\"true\" class=\"e-font-icon-svg e-fas-caret-down\" viewBox=\"0 0 320 512\" xmlns=\"http:\/\/www.w3.org\/2000\/svg\"><path d=\"M31.3 192h257.3c17.8 0 26.7 21.5 14.1 34.1L174.1 354.8c-7.8 7.8-20.5 7.8-28.3 0L17.2 226.1C4.6 213.5 13.5 192 31.3 192z\"><\/path><\/svg>\t\t\t<\/a>\n\t\t<\/div>\n\t\t\t\t\t\t<\/div>\n\t\t\t\t<\/div>\n\t\t\t\t<\/div>\n\t\t<div class=\"elementor-element elementor-element-0246404 e-con-full e-flex e-con e-child\" data-id=\"0246404\" data-element_type=\"container\" data-e-type=\"container\">\n\t\t\t\t<div class=\"elementor-element elementor-element-125a50a elementor-hidden-mobile elementor-invisible elementor-widget elementor-widget-image\" data-id=\"125a50a\" data-element_type=\"widget\" data-e-type=\"widget\" data-settings=\"{&quot;_animation&quot;:&quot;bounceInDown&quot;}\" data-widget_type=\"image.default\">\n\t\t\t\t\t\t\t\t\t\t\t\t\t\t\t<img fetchpriority=\"high\" decoding=\"async\" width=\"225\" height=\"300\" src=\"https:\/\/karate.at\/ried\/wp-content\/uploads\/2026\/01\/daikoku-logo-225x300.png\" class=\"attachment-medium size-medium wp-image-443\" alt=\"\" srcset=\"https:\/\/karate.at\/ried\/wp-content\/uploads\/2026\/01\/daikoku-logo-225x300.png 225w, https:\/\/karate.at\/ried\/wp-content\/uploads\/2026\/01\/daikoku-logo.png 401w\" sizes=\"(max-width: 225px) 100vw, 225px\" \/>\t\t\t\t\t\t\t\t\t\t\t\t\t\t\t<\/div>\n\t\t<div class=\"elementor-element elementor-element-7b6d98b e-con-full e-flex e-con e-child\" data-id=\"7b6d98b\" data-element_type=\"container\" data-e-type=\"container\">\n\t\t\t\t<div class=\"elementor-element elementor-element-3015720 elementor-widget elementor-widget-image\" data-id=\"3015720\" data-element_type=\"widget\" data-e-type=\"widget\" data-widget_type=\"image.default\">\n\t\t\t\t\t\t\t\t\t\t\t\t\t\t\t\t<a href=\"https:\/\/www.asvo-sport.at\/\" target=\"_blank\">\n\t\t\t\t\t\t\t<img decoding=\"async\" width=\"120\" height=\"45\" src=\"https:\/\/karate.at\/ried\/wp-content\/uploads\/2025\/12\/asvo_logo45.png\" class=\"attachment-large size-large wp-image-14\" alt=\"Logo ASVO\" \/>\t\t\t\t\t\t\t\t<\/a>\n\t\t\t\t\t\t\t\t\t\t\t\t\t\t\t<\/div>\n\t\t\t\t<div class=\"elementor-element elementor-element-664a655 elementor-widget elementor-widget-image\" data-id=\"664a655\" data-element_type=\"widget\" data-e-type=\"widget\" data-widget_type=\"image.default\">\n\t\t\t\t\t\t\t\t\t\t\t\t\t\t\t\t<a href=\"https:\/\/karate.at\/www\/index.php\" target=\"_blank\">\n\t\t\t\t\t\t\t<img decoding=\"async\" width=\"138\" height=\"123\" src=\"https:\/\/karate.at\/ried\/wp-content\/uploads\/2025\/12\/bottom_logos_karatedo_interntional.png\" class=\"attachment-large size-large wp-image-15\" alt=\"Karate Logo International\" \/>\t\t\t\t\t\t\t\t<\/a>\n\t\t\t\t\t\t\t\t\t\t\t\t\t\t\t<\/div>\n\t\t\t\t<\/div>\n\t\t\t\t<\/div>\n\t\t\t\t\t<\/div>\n\t\t\t\t<\/div>\n\t\t<div class=\"elementor-element elementor-element-a6be988 e-flex e-con-boxed e-con e-parent\" data-id=\"a6be988\" data-element_type=\"container\" data-e-type=\"container\">\n\t\t\t\t\t<div class=\"e-con-inner\">\n\t\t\t\t<div class=\"elementor-element elementor-element-3f3fbd4 elementor-widget elementor-widget-menu-anchor\" data-id=\"3f3fbd4\" data-element_type=\"widget\" data-e-type=\"widget\" data-widget_type=\"menu-anchor.default\">\n\t\t\t\t\t\t\t<div class=\"elementor-menu-anchor\" id=\"aktuelles\"><\/div>\n\t\t\t\t\t\t<\/div>\n\t\t\t\t<div class=\"elementor-element elementor-element-76a5833 elementor-widget elementor-widget-heading\" data-id=\"76a5833\" data-element_type=\"widget\" data-e-type=\"widget\" data-widget_type=\"heading.default\">\n\t\t\t\t\t<h2 class=\"elementor-heading-title elementor-size-default\">AKTUELLES<\/h2>\t\t\t\t<\/div>\n\t\t\t\t\t<\/div>\n\t\t\t\t<\/div>\n\t\t<div class=\"elementor-element elementor-element-b3ffd8d e-flex e-con-boxed e-con e-parent\" data-id=\"b3ffd8d\" data-element_type=\"container\" data-e-type=\"container\">\n\t\t\t\t\t<div class=\"e-con-inner\">\n\t\t<div class=\"elementor-element elementor-element-2925240 e-con-full e-flex e-con e-child\" data-id=\"2925240\" data-element_type=\"container\" data-e-type=\"container\">\n\t\t\t\t<div class=\"elementor-element elementor-element-c36f00d elementor-widget elementor-widget-text-editor\" data-id=\"c36f00d\" data-element_type=\"widget\" data-e-type=\"widget\" data-widget_type=\"text-editor.default\">\n\t\t\t\t\t\t\t\t\t<p>Samstag, 2. Mai, 15:00\u201318:30<br \/><strong>Lehrgang Salzburg<\/strong><br \/>Sportzentrum Nord, Salzburg<br \/>Instruktor: Koga Rikuta Shihan<br \/><em>Abfahrt vom Gymnasium um 13:00<\/em><\/p><p>Sonntag, 3. Mai, 10:00\u201312:00<br \/><strong>Oberstufentraining (ab 5. Ky\u016b) Henndorf<\/strong><br \/>Volksschule Henndorf<br \/><em>Abfahrt vom Gymnasium um 8:30<\/em><\/p><p>Samstag, 30. Mai, 11:00<br \/><strong>31. Int. Ky\u016b-Turnier Stra\u00dfwalchen<\/strong><br \/>Mittelschule Stra\u00dfwalchen<br \/><em>Abfahrt vom Gymnasium um 9:30<\/em><\/p>\t\t\t\t\t\t\t\t<\/div>\n\t\t\t\t<\/div>\n\t\t<div class=\"elementor-element elementor-element-2884a28 e-con-full e-flex e-con e-child\" data-id=\"2884a28\" data-element_type=\"container\" data-e-type=\"container\">\n\t\t\t\t<div class=\"elementor-element elementor-element-0448040 elementor-widget elementor-widget-text-editor\" data-id=\"0448040\" data-element_type=\"widget\" data-e-type=\"widget\" data-widget_type=\"text-editor.default\">\n\t\t\t\t\t\t\t\t\t<p>Samstag, 13. Juni, 15:00\u201318:30<br \/><strong>Lehrgang Rechnitz<\/strong><br \/><em>Infos bez\u00fcglich Hin- und R\u00fcckfahrt erhaltet ihr von euren Trainern!<\/em><\/p><p>Samstag, 20. Juni, 11:00<br \/><strong>34. \u00d6stereichische Meisterschaft Graz<\/strong><br \/>Allgemeiner Turnverein Graz (ATG)<br \/><em>Busabfahrt um 6:30 bei der Autobahnpolizeiinspektion Walchshausen<\/em><\/p><p>Samstag, 27. Juni, 15:00\u201318:30<br \/><strong>Lehrgang Henndorf am Wallersee<\/strong><br \/>Volksschule Henndorf<br \/><em>Abfahrt vom Gymnasium um\u00a013:30<\/em><\/p><p>Freitag, 3. Juli, ab 18:00<br \/><strong>Daikoku Sommerfest<\/strong><br \/>Lubergasse 26, 4910\u00a0Ried im Innkreis<br \/><em>Wir bitten euch, eure Speisen zum Grillen sowie verschiedene Salate und\/oder Kuchen mitzubringen. Getr\u00e4nke spendet wieder der Verein!<\/em><\/p>\t\t\t\t\t\t\t\t<\/div>\n\t\t\t\t<\/div>\n\t\t\t\t\t<\/div>\n\t\t\t\t<\/div>\n\t\t<div class=\"elementor-element elementor-element-a9ea137 e-flex e-con-boxed e-con e-parent\" data-id=\"a9ea137\" data-element_type=\"container\" data-e-type=\"container\">\n\t\t\t\t\t<div class=\"e-con-inner\">\n\t\t\t\t<div class=\"elementor-element elementor-element-71e8b70 elementor-widget-divider--view-line elementor-widget elementor-widget-divider\" data-id=\"71e8b70\" data-element_type=\"widget\" data-e-type=\"widget\" data-widget_type=\"divider.default\">\n\t\t\t\t\t\t\t<div class=\"elementor-divider\">\n\t\t\t<span class=\"elementor-divider-separator\">\n\t\t\t\t\t\t<\/span>\n\t\t<\/div>\n\t\t\t\t\t\t<\/div>\n\t\t\t\t\t<\/div>\n\t\t\t\t<\/div>\n\t\t<div class=\"elementor-element elementor-element-e11b1b0 e-flex e-con-boxed e-con e-parent\" data-id=\"e11b1b0\" data-element_type=\"container\" data-e-type=\"container\">\n\t\t\t\t\t<div class=\"e-con-inner\">\n\t\t\t\t<div class=\"elementor-element elementor-element-b54b9e4 elementor-widget elementor-widget-text-editor\" data-id=\"b54b9e4\" data-element_type=\"widget\" data-e-type=\"widget\" data-widget_type=\"text-editor.default\">\n\t\t\t\t\t\t\t\t\t<p>Alle Trainingstermine der SKIAF findest du unter <a href=\"http:\/\/&lt;a\u00a0href=&quot;https:\/\/www.karate.at&gt;www.karate.at&lt;\/a&gt;\" target=\"_blank\" rel=\"noopener\"><strong>www.karate.at<\/strong><\/a><\/p>\t\t\t\t\t\t\t\t<\/div>\n\t\t\t\t\t<\/div>\n\t\t\t\t<\/div>\n\t\t<div class=\"elementor-element elementor-element-b27385a e-flex e-con-boxed e-con e-parent\" data-id=\"b27385a\" data-element_type=\"container\" data-e-type=\"container\" data-settings=\"{&quot;background_background&quot;:&quot;classic&quot;}\">\n\t\t\t\t\t<div class=\"e-con-inner\">\n\t\t\t\t<div class=\"elementor-element elementor-element-9ee85fe elementor-widget elementor-widget-menu-anchor\" data-id=\"9ee85fe\" data-element_type=\"widget\" data-e-type=\"widget\" data-widget_type=\"menu-anchor.default\">\n\t\t\t\t\t\t\t<div class=\"elementor-menu-anchor\" id=\"verein\"><\/div>\n\t\t\t\t\t\t<\/div>\n\t\t\t\t<div class=\"elementor-element elementor-element-e4d2480 elementor-widget elementor-widget-heading\" data-id=\"e4d2480\" data-element_type=\"widget\" data-e-type=\"widget\" data-widget_type=\"heading.default\">\n\t\t\t\t\t<h2 class=\"elementor-heading-title elementor-size-default\">VEREIN<\/h2>\t\t\t\t<\/div>\n\t\t<div class=\"elementor-element elementor-element-d62f0e2 e-flex e-con-boxed e-con e-child\" data-id=\"d62f0e2\" data-element_type=\"container\" data-e-type=\"container\">\n\t\t\t\t\t<div class=\"e-con-inner\">\n\t\t\t\t<div class=\"elementor-element elementor-element-0bcf514 elementor-widget elementor-widget-text-editor\" data-id=\"0bcf514\" data-element_type=\"widget\" data-e-type=\"widget\" data-widget_type=\"text-editor.default\">\n\t\t\t\t\t\t\t\t\t<p><strong>Unser ehrenamtlich gef\u00fchrter Verein unterrichtet Karate im Sh\u014dt\u014dkan-Stil.<\/strong><\/p><p>Unser Verein (jap. d\u014dj\u014d), der den Namen des japanischen Gl\u00fccksgottes \u201eDaikoku\u201c tr\u00e4gt, weckt seit seiner Gr\u00fcndung 1992 das Interesse bei allen Bev\u00f6lkerungsschichten, mitunter durch den jahrzehntelangen Unterricht durch Bundestrainer Norio Kawasoe sensei. So findet der damals eingeschlagene Weg seine eindrucksvolle Best\u00e4tigung heute in einer Mitgliederzahl von rund 50 aktiven Karateka in jeder Altersgruppe \u2013 von 8 bis 70 Jahren.<\/p><p>Seit 2002 leitet Mark Wittmann den Verein. Im Zentrum steht Sh\u014dt\u014dkan Karated\u014d zu lehren sowie die pers\u00f6nliche Weiterentwicklung des Einzelnen zu f\u00f6rdern. Neben den Techniken bem\u00fchen sich die Trainer auch, die Philosophie und den Geist von Karate n\u00e4herzubringen: Immer geduldig, ausdauernd und tolerant sein, wissen, wie man seine St\u00e4rke kontrolliert sowie Gefahren aus dem Weg gehen und niemanden verletzen (oder gar t\u00f6ten).<\/p><p>Der Verein ist Mitglied im Allgemeinen Sportverband Ober\u00f6sterreich (ASV\u00d6) und im Verband Shotokan Karatedo International Austrian Federation (SKIAF). Die SKIAF ist Teil der japanischen Weltorganisation Shotokan Karatedo International Federation (SKIF), welche weltweit in mehr als 80 L\u00e4ndern vertreten ist.<\/p>\t\t\t\t\t\t\t\t<\/div>\n\t\t\t\t\t<\/div>\n\t\t\t\t<\/div>\n\t\t\t\t\t<\/div>\n\t\t\t\t<\/div>\n\t\t<div class=\"elementor-element elementor-element-01e0c30 e-flex e-con-boxed e-con e-parent\" data-id=\"01e0c30\" data-element_type=\"container\" data-e-type=\"container\">\n\t\t\t\t\t<div class=\"e-con-inner\">\n\t\t\t\t<div class=\"elementor-element elementor-element-29a38a9 elementor-widget elementor-widget-menu-anchor\" data-id=\"29a38a9\" data-element_type=\"widget\" data-e-type=\"widget\" data-widget_type=\"menu-anchor.default\">\n\t\t\t\t\t\t\t<div class=\"elementor-menu-anchor\" id=\"trainer\"><\/div>\n\t\t\t\t\t\t<\/div>\n\t\t\t\t<div class=\"elementor-element elementor-element-0384dda elementor-widget elementor-widget-heading\" data-id=\"0384dda\" data-element_type=\"widget\" data-e-type=\"widget\" data-widget_type=\"heading.default\">\n\t\t\t\t\t<h2 class=\"elementor-heading-title elementor-size-default\">TRAINER<\/h2>\t\t\t\t<\/div>\n\t\t<div class=\"elementor-element elementor-element-7fb7fea e-flex e-con-boxed e-con e-child\" data-id=\"7fb7fea\" data-element_type=\"container\" data-e-type=\"container\">\n\t\t\t\t\t<div class=\"e-con-inner\">\n\t\t\t\t<div class=\"elementor-element elementor-element-cda0e35 elementor-position-top elementor-widget elementor-widget-image-box\" data-id=\"cda0e35\" data-element_type=\"widget\" data-e-type=\"widget\" data-widget_type=\"image-box.default\">\n\t\t\t\t\t<div class=\"elementor-image-box-wrapper\"><figure class=\"elementor-image-box-img\"><a href=\"http:\/\/www.markwittmann.at\" target=\"_blank\" tabindex=\"-1\"><img loading=\"lazy\" decoding=\"async\" width=\"499\" height=\"874\" src=\"https:\/\/karate.at\/ried\/wp-content\/uploads\/2025\/12\/mark-wittmann.jpg\" class=\"attachment-medium_large size-medium_large wp-image-22\" alt=\"Karatetrainer Mark Wittmann\" srcset=\"https:\/\/karate.at\/ried\/wp-content\/uploads\/2025\/12\/mark-wittmann.jpg 499w, https:\/\/karate.at\/ried\/wp-content\/uploads\/2025\/12\/mark-wittmann-171x300.jpg 171w\" sizes=\"(max-width: 499px) 100vw, 499px\" \/><\/a><\/figure><div class=\"elementor-image-box-content\"><h3 class=\"elementor-image-box-title\"><a href=\"http:\/\/www.markwittmann.at\" target=\"_blank\">Mark Wittmann (5. Dan)<\/a><\/h3><p class=\"elementor-image-box-description\">Trainiert Karate seit 1991.<br>\n<a href=\"https:\/\/www.markwittmann.at\">www.markwittmann.at<\/a><\/p><\/div><\/div>\t\t\t\t<\/div>\n\t\t\t\t<div class=\"elementor-element elementor-element-79c1947 elementor-position-top elementor-widget elementor-widget-image-box\" data-id=\"79c1947\" data-element_type=\"widget\" data-e-type=\"widget\" data-widget_type=\"image-box.default\">\n\t\t\t\t\t<div class=\"elementor-image-box-wrapper\"><figure class=\"elementor-image-box-img\"><img loading=\"lazy\" decoding=\"async\" width=\"499\" height=\"874\" src=\"https:\/\/karate.at\/ried\/wp-content\/uploads\/2025\/12\/herbert-hoerandner.jpg\" class=\"attachment-medium_large size-medium_large wp-image-19\" alt=\"Karatetrainer Herbert H\u00f6randner\" srcset=\"https:\/\/karate.at\/ried\/wp-content\/uploads\/2025\/12\/herbert-hoerandner.jpg 499w, https:\/\/karate.at\/ried\/wp-content\/uploads\/2025\/12\/herbert-hoerandner-171x300.jpg 171w\" sizes=\"(max-width: 499px) 100vw, 499px\" \/><\/figure><div class=\"elementor-image-box-content\"><h3 class=\"elementor-image-box-title\">Herbert H\u00f6randner (2. Dan)<\/h3><p class=\"elementor-image-box-description\">Trainiert Karate seit 2009.<\/p><\/div><\/div>\t\t\t\t<\/div>\n\t\t\t\t<div class=\"elementor-element elementor-element-4b48b6c elementor-position-top elementor-widget elementor-widget-image-box\" data-id=\"4b48b6c\" data-element_type=\"widget\" data-e-type=\"widget\" data-widget_type=\"image-box.default\">\n\t\t\t\t\t<div class=\"elementor-image-box-wrapper\"><figure class=\"elementor-image-box-img\"><img loading=\"lazy\" decoding=\"async\" width=\"499\" height=\"874\" src=\"https:\/\/karate.at\/ried\/wp-content\/uploads\/2025\/12\/joe-weixlberger.jpg\" class=\"attachment-medium_large size-medium_large wp-image-21\" alt=\"Karatetrainer Joe Weixlberger\" srcset=\"https:\/\/karate.at\/ried\/wp-content\/uploads\/2025\/12\/joe-weixlberger.jpg 499w, https:\/\/karate.at\/ried\/wp-content\/uploads\/2025\/12\/joe-weixlberger-171x300.jpg 171w\" sizes=\"(max-width: 499px) 100vw, 499px\" \/><\/figure><div class=\"elementor-image-box-content\"><h3 class=\"elementor-image-box-title\">Joe Weixlberger (2. Dan)<\/h3><p class=\"elementor-image-box-description\">Trainiert Karate seit 2007.<\/p><\/div><\/div>\t\t\t\t<\/div>\n\t\t\t\t<div class=\"elementor-element elementor-element-33fae23 elementor-position-top elementor-widget elementor-widget-image-box\" data-id=\"33fae23\" data-element_type=\"widget\" data-e-type=\"widget\" data-widget_type=\"image-box.default\">\n\t\t\t\t\t<div class=\"elementor-image-box-wrapper\"><figure class=\"elementor-image-box-img\"><img loading=\"lazy\" decoding=\"async\" width=\"499\" height=\"874\" src=\"https:\/\/karate.at\/ried\/wp-content\/uploads\/2025\/12\/gisela-stumpf.jpg\" class=\"attachment-medium_large size-medium_large wp-image-18\" alt=\"Karatetrainer Gisela Stumpf\" srcset=\"https:\/\/karate.at\/ried\/wp-content\/uploads\/2025\/12\/gisela-stumpf.jpg 499w, https:\/\/karate.at\/ried\/wp-content\/uploads\/2025\/12\/gisela-stumpf-171x300.jpg 171w\" sizes=\"(max-width: 499px) 100vw, 499px\" \/><\/figure><div class=\"elementor-image-box-content\"><h3 class=\"elementor-image-box-title\">Gisela Stumpf (1. Dan)<\/h3><p class=\"elementor-image-box-description\">Trainiert Karate seit 1993.<\/p><\/div><\/div>\t\t\t\t<\/div>\n\t\t\t\t<div class=\"elementor-element elementor-element-c08465d elementor-position-top elementor-widget elementor-widget-image-box\" data-id=\"c08465d\" data-element_type=\"widget\" data-e-type=\"widget\" data-widget_type=\"image-box.default\">\n\t\t\t\t\t<div class=\"elementor-image-box-wrapper\"><figure class=\"elementor-image-box-img\"><img loading=\"lazy\" decoding=\"async\" width=\"499\" height=\"874\" src=\"https:\/\/karate.at\/ried\/wp-content\/uploads\/2025\/12\/herbert-schatzl.jpg\" class=\"attachment-medium_large size-medium_large wp-image-20\" alt=\"Karatetrainer Herbert Schatzl\" srcset=\"https:\/\/karate.at\/ried\/wp-content\/uploads\/2025\/12\/herbert-schatzl.jpg 499w, https:\/\/karate.at\/ried\/wp-content\/uploads\/2025\/12\/herbert-schatzl-171x300.jpg 171w\" sizes=\"(max-width: 499px) 100vw, 499px\" \/><\/figure><div class=\"elementor-image-box-content\"><h3 class=\"elementor-image-box-title\">Herbert Schatzl (2. Ky\u016b)<\/h3><p class=\"elementor-image-box-description\">Trainiert Karate seit 2011.<\/p><\/div><\/div>\t\t\t\t<\/div>\n\t\t\t\t<div class=\"elementor-element elementor-element-7f87571 elementor-position-top elementor-widget elementor-widget-image-box\" data-id=\"7f87571\" data-element_type=\"widget\" data-e-type=\"widget\" data-widget_type=\"image-box.default\">\n\t\t\t\t\t<div class=\"elementor-image-box-wrapper\"><figure class=\"elementor-image-box-img\"><img loading=\"lazy\" decoding=\"async\" width=\"499\" height=\"874\" src=\"https:\/\/karate.at\/ried\/wp-content\/uploads\/2026\/02\/silhouette-karate.jpg\" class=\"attachment-medium_large size-medium_large wp-image-897\" alt=\"Karatetrainer Niklas Steinhuber\" srcset=\"https:\/\/karate.at\/ried\/wp-content\/uploads\/2026\/02\/silhouette-karate.jpg 499w, https:\/\/karate.at\/ried\/wp-content\/uploads\/2026\/02\/silhouette-karate-171x300.jpg 171w\" sizes=\"(max-width: 499px) 100vw, 499px\" \/><\/figure><div class=\"elementor-image-box-content\"><h3 class=\"elementor-image-box-title\">Niklas Steinhuber (1. Ky\u016b)<\/h3><p class=\"elementor-image-box-description\">Trainiert Karate seit 2014.<\/p><\/div><\/div>\t\t\t\t<\/div>\n\t\t\t\t\t<\/div>\n\t\t\t\t<\/div>\n\t\t\t\t\t<\/div>\n\t\t\t\t<\/div>\n\t\t<div class=\"elementor-element elementor-element-ce4c8dd e-flex e-con-boxed e-con e-parent\" data-id=\"ce4c8dd\" data-element_type=\"container\" data-e-type=\"container\" data-settings=\"{&quot;background_background&quot;:&quot;classic&quot;}\">\n\t\t\t\t\t<div class=\"e-con-inner\">\n\t\t\t\t<div class=\"elementor-element elementor-element-c376134 elementor-widget elementor-widget-menu-anchor\" data-id=\"c376134\" data-element_type=\"widget\" data-e-type=\"widget\" data-widget_type=\"menu-anchor.default\">\n\t\t\t\t\t\t\t<div class=\"elementor-menu-anchor\" id=\"training\"><\/div>\n\t\t\t\t\t\t<\/div>\n\t\t\t\t<div class=\"elementor-element elementor-element-19641aa elementor-widget elementor-widget-heading\" data-id=\"19641aa\" data-element_type=\"widget\" data-e-type=\"widget\" data-widget_type=\"heading.default\">\n\t\t\t\t\t<h2 class=\"elementor-heading-title elementor-size-default\">TRAINING<\/h2>\t\t\t\t<\/div>\n\t\t\t\t\t<\/div>\n\t\t\t\t<\/div>\n\t\t<div class=\"elementor-element elementor-element-838e384 e-flex e-con-boxed e-con e-parent\" data-id=\"838e384\" data-element_type=\"container\" data-e-type=\"container\" data-settings=\"{&quot;background_background&quot;:&quot;classic&quot;}\">\n\t\t\t\t\t<div class=\"e-con-inner\">\n\t\t<div class=\"elementor-element elementor-element-b326c52 e-flex e-con-boxed e-con e-child\" data-id=\"b326c52\" data-element_type=\"container\" data-e-type=\"container\" data-settings=\"{&quot;background_background&quot;:&quot;classic&quot;}\">\n\t\t\t\t\t<div class=\"e-con-inner\">\n\t\t\t\t<div class=\"elementor-element elementor-element-1f37a1d elementor-widget elementor-widget-text-editor\" data-id=\"1f37a1d\" data-element_type=\"widget\" data-e-type=\"widget\" data-widget_type=\"text-editor.default\">\n\t\t\t\t\t\t\t\t\t<p>Die folgenden Trainingszeiten gelten w\u00e4hrend des Schulsemesters*. Allf\u00e4llige \u00c4nderungen bitte unter <strong><a href=\"https:\/\/karate.at\/ried\/#aktuelles\">Aktuelles<\/a><\/strong>\u00a0nachlesen.<\/p>\t\t\t\t\t\t\t\t<\/div>\n\t\t\t\t\t<\/div>\n\t\t\t\t<\/div>\n\t\t\t\t\t<\/div>\n\t\t\t\t<\/div>\n\t\t<div class=\"elementor-element elementor-element-3f69322 e-flex e-con-boxed e-con e-parent\" data-id=\"3f69322\" data-element_type=\"container\" data-e-type=\"container\" data-settings=\"{&quot;background_background&quot;:&quot;classic&quot;}\">\n\t\t\t\t\t<div class=\"e-con-inner\">\n\t\t<div class=\"elementor-element elementor-element-fbb10ff e-flex e-con-boxed e-con e-child\" data-id=\"fbb10ff\" data-element_type=\"container\" data-e-type=\"container\">\n\t\t\t\t\t<div class=\"e-con-inner\">\n\t\t\t\t<div class=\"elementor-element elementor-element-385bb6f elementor-widget elementor-widget-text-editor\" data-id=\"385bb6f\" data-element_type=\"widget\" data-e-type=\"widget\" data-widget_type=\"text-editor.default\">\n\t\t\t\t\t\t\t\t\t<p><strong>Zeiten<\/strong><br \/>Jeden Dienstag und Freitag<\/p><p><strong>KINDER<\/strong><br \/>bis einschlie\u00dflich 7. Ky\u016b (Orangeg\u00fcrtel)<br \/>18.30 bis 20.00 Uhr<\/p><p><strong>ERWACHSENE und Jugendliche<\/strong><br \/>sowie Kinder ab 6. Ky\u016b (Gr\u00fcng\u00fcrtel)<br \/>18.30 bis 20.30 Uhr<\/p>\t\t\t\t\t\t\t\t<\/div>\n\t\t\t\t\t<\/div>\n\t\t\t\t<\/div>\n\t\t<div class=\"elementor-element elementor-element-7f0790c e-con-full e-flex e-con e-child\" data-id=\"7f0790c\" data-element_type=\"container\" data-e-type=\"container\">\n\t\t\t\t<div class=\"elementor-element elementor-element-d2c177b elementor-widget elementor-widget-text-editor\" data-id=\"d2c177b\" data-element_type=\"widget\" data-e-type=\"widget\" data-widget_type=\"text-editor.default\">\n\t\t\t\t\t\t\t\t\t<p><strong>Ort<\/strong><br>Gymnasium Ried im Innkreis<br>4910 Ried im Innkreis, Beethovenstra\u00dfe 6<\/p>\t\t\t\t\t\t\t\t<\/div>\n\t\t\t\t<div class=\"elementor-element elementor-element-ae1398e elementor-position-inline-start elementor-view-default elementor-mobile-position-block-start elementor-widget elementor-widget-icon-box\" data-id=\"ae1398e\" data-element_type=\"widget\" data-e-type=\"widget\" data-widget_type=\"icon-box.default\">\n\t\t\t\t\t\t\t<div class=\"elementor-icon-box-wrapper\">\n\n\t\t\t\t\t\t<div class=\"elementor-icon-box-icon\">\n\t\t\t\t<a href=\"https:\/\/www.google.com\/maps\/place\/Beethovenstra%C3%9Fe+8,+4910+Ried+im+Innkreis\/@48.2166475,13.4832397,17z\/data=!3m1!4b1!4m6!3m5!1s0x477414ed8bd90433:0x3e5c427a55d7cc1f!8m2!3d48.2166475!4d13.4858146!16s%2Fg%2F11tjgfctgb?entry=ttu&#038;g_ep=EgoyMDI1MTIwOS4wIKXMDSoASAFQAw%3D%3D\" target=\"_blank\" rel=\"nofollow\" class=\"elementor-icon\" tabindex=\"-1\">\n\t\t\t\t<svg aria-hidden=\"true\" class=\"e-font-icon-svg e-fas-map-marker-alt\" viewBox=\"0 0 384 512\" xmlns=\"http:\/\/www.w3.org\/2000\/svg\"><path d=\"M172.268 501.67C26.97 291.031 0 269.413 0 192 0 85.961 85.961 0 192 0s192 85.961 192 192c0 77.413-26.97 99.031-172.268 309.67-9.535 13.774-29.93 13.773-39.464 0zM192 272c44.183 0 80-35.817 80-80s-35.817-80-80-80-80 35.817-80 80 35.817 80 80 80z\"><\/path><\/svg>\t\t\t\t<\/a>\n\t\t\t<\/div>\n\t\t\t\n\t\t\t\t\t\t<div class=\"elementor-icon-box-content\">\n\n\t\t\t\t\n\t\t\t\t\t\t\t\t\t<p class=\"elementor-icon-box-description\">\n\t\t\t\t\t\t<a href=\"https:\/\/www.google.com\/maps\/place\/Beethovenstra%C3%9Fe+8,+4910+Ried+im+Innkreis\/@48.2166475,13.4832397,17z\/data=!3m1!4b1!4m6!3m5!1s0x477414ed8bd90433:0x3e5c427a55d7cc1f!8m2!3d48.2166475!4d13.4858146!16s%2Fg%2F11tjgfctgb?entry=ttu&amp;g_ep=EgoyMDI1MTIwOS4wIKXMDSoASAFQAw%3D%3D\" target=\"_blank\" rel=\"noopener noreferrer\"><strong>Anfahrtsplan<\/strong><\/a>\n\t\t\t\t\t<\/p>\n\t\t\t\t\n\t\t\t<\/div>\n\t\t\t\n\t\t<\/div>\n\t\t\t\t\t\t<\/div>\n\t\t\t\t<\/div>\n\t\t\t\t\t<\/div>\n\t\t\t\t<\/div>\n\t\t<div class=\"elementor-element elementor-element-76689bb e-flex e-con-boxed e-con e-parent\" data-id=\"76689bb\" data-element_type=\"container\" data-e-type=\"container\" data-settings=\"{&quot;background_background&quot;:&quot;classic&quot;}\">\n\t\t\t\t\t<div class=\"e-con-inner\">\n\t\t\t\t<div class=\"elementor-element elementor-element-d4ef5f9 elementor-widget-divider--view-line elementor-widget elementor-widget-divider\" data-id=\"d4ef5f9\" data-element_type=\"widget\" data-e-type=\"widget\" data-widget_type=\"divider.default\">\n\t\t\t\t\t\t\t<div class=\"elementor-divider\">\n\t\t\t<span class=\"elementor-divider-separator\">\n\t\t\t\t\t\t<\/span>\n\t\t<\/div>\n\t\t\t\t\t\t<\/div>\n\t\t\t\t\t<\/div>\n\t\t\t\t<\/div>\n\t\t<div class=\"elementor-element elementor-element-5c6ddea e-flex e-con-boxed e-con e-parent\" data-id=\"5c6ddea\" data-element_type=\"container\" data-e-type=\"container\" data-settings=\"{&quot;background_background&quot;:&quot;classic&quot;}\">\n\t\t\t\t\t<div class=\"e-con-inner\">\n\t\t<div class=\"elementor-element elementor-element-6dca118 e-flex e-con-boxed e-con e-child\" data-id=\"6dca118\" data-element_type=\"container\" data-e-type=\"container\" data-settings=\"{&quot;background_background&quot;:&quot;classic&quot;}\">\n\t\t\t\t\t<div class=\"e-con-inner\">\n\t\t\t\t<div class=\"elementor-element elementor-element-aa09670 elementor-widget elementor-widget-text-editor\" data-id=\"aa09670\" data-element_type=\"widget\" data-e-type=\"widget\" data-widget_type=\"text-editor.default\">\n\t\t\t\t\t\t\t\t\t<p>Grunds\u00e4tzlich ist es w\u00fcnschenswert (aber nicht verpflichtend), an beiden Tagen in der Woche am Training teilzunehmen \u2013 je \u00f6fter trainiert wird, umso tiefgreifender ist die Entwicklung im Karate. Entscheidend ist aber auch ein regelm\u00e4\u00dfiges Training!<\/p><p>Zus\u00e4tzlich zum regul\u00e4ren Vereinstraining werden auch Lehrg\u00e4nge der SKIAF (Dachverband) angeboten. Eine Auswahl an relevanten Lehrg\u00e4ngen (im Raum Ober\u00f6sterreich und Salzburg) sowie Kadertrainings und Meisterschaften sind unter Aktuelles zu finden.<\/p><p>*ausgenommen sind gesetzliche Feiertage<\/p>\t\t\t\t\t\t\t\t<\/div>\n\t\t\t\t\t<\/div>\n\t\t\t\t<\/div>\n\t\t\t\t\t<\/div>\n\t\t\t\t<\/div>\n\t\t<div class=\"elementor-element elementor-element-15e1c83 e-flex e-con-boxed e-con e-parent\" data-id=\"15e1c83\" data-element_type=\"container\" data-e-type=\"container\">\n\t\t\t\t\t<div class=\"e-con-inner\">\n\t\t\t\t<div class=\"elementor-element elementor-element-0061c7b elementor-widget elementor-widget-menu-anchor\" data-id=\"0061c7b\" data-element_type=\"widget\" data-e-type=\"widget\" data-widget_type=\"menu-anchor.default\">\n\t\t\t\t\t\t\t<div class=\"elementor-menu-anchor\" id=\"philosophie\"><\/div>\n\t\t\t\t\t\t<\/div>\n\t\t\t\t<div class=\"elementor-element elementor-element-f37129e elementor-widget elementor-widget-heading\" data-id=\"f37129e\" data-element_type=\"widget\" data-e-type=\"widget\" data-widget_type=\"heading.default\">\n\t\t\t\t\t<h2 class=\"elementor-heading-title elementor-size-default\">PHILOSOPHIE<\/h2>\t\t\t\t<\/div>\n\t\t\t\t\t<\/div>\n\t\t\t\t<\/div>\n\t\t<div class=\"elementor-element elementor-element-e919b9f e-flex e-con-boxed e-con e-parent\" data-id=\"e919b9f\" data-element_type=\"container\" data-e-type=\"container\">\n\t\t\t\t\t<div class=\"e-con-inner\">\n\t\t<div class=\"elementor-element elementor-element-5ff2f8d e-flex e-con-boxed e-con e-child\" data-id=\"5ff2f8d\" data-element_type=\"container\" data-e-type=\"container\">\n\t\t\t\t\t<div class=\"e-con-inner\">\n\t\t\t\t<div class=\"elementor-element elementor-element-e47638a elementor-widget elementor-widget-text-editor\" data-id=\"e47638a\" data-element_type=\"widget\" data-e-type=\"widget\" data-widget_type=\"text-editor.default\">\n\t\t\t\t\t\t\t\t\t<p><em>Sh\u014dt\u014dkan Karated\u014d<\/em> in \u00d6sterreich kann in direkter Linie von Meister Gichin Funakoshi, vom Gr\u00fcnder des modernen Karate abgeleitet werden, der diese Kampfkunst aus seinem Heimatland Okinawa in den 20er Jahren des vorigen Jahrhunderts nach Japan brachte<\/p>\t\t\t\t\t\t\t\t<\/div>\n\t\t\t\t\t<\/div>\n\t\t\t\t<\/div>\n\t\t\t\t\t<\/div>\n\t\t\t\t<\/div>\n\t\t<div class=\"elementor-element elementor-element-94604ec e-flex e-con-boxed e-con e-parent\" data-id=\"94604ec\" data-element_type=\"container\" data-e-type=\"container\">\n\t\t\t\t\t<div class=\"e-con-inner\">\n\t\t\t\t<div class=\"elementor-element elementor-element-8e5c458 read-more elementor-widget__width-initial elementor-widget elementor-widget-n-accordion\" data-id=\"8e5c458\" data-element_type=\"widget\" data-e-type=\"widget\" data-settings=\"{&quot;default_state&quot;:&quot;all_collapsed&quot;,&quot;max_items_expended&quot;:&quot;one&quot;,&quot;n_accordion_animation_duration&quot;:{&quot;unit&quot;:&quot;ms&quot;,&quot;size&quot;:400,&quot;sizes&quot;:[]}}\" data-widget_type=\"nested-accordion.default\">\n\t\t\t\t\t\t\t<div class=\"e-n-accordion\" aria-label=\"Accordion. Open links with Enter or Space, close with Escape, and navigate with Arrow Keys\">\n\t\t\t\t\t\t<details id=\"e-n-accordion-item-1490\" class=\"e-n-accordion-item\" >\n\t\t\t\t<summary class=\"e-n-accordion-item-title\" data-accordion-index=\"1\" tabindex=\"0\" aria-expanded=\"false\" aria-controls=\"e-n-accordion-item-1490\" >\n\t\t\t\t\t<span class='e-n-accordion-item-title-header'><div class=\"e-n-accordion-item-title-text\"> Weiterlesen ... <\/div><\/span>\n\t\t\t\t\t\t\t\t\t<\/summary>\n\t\t\t\t<div role=\"region\" aria-labelledby=\"e-n-accordion-item-1490\" class=\"elementor-element elementor-element-2bd97bd e-con-full e-flex e-con e-child\" data-id=\"2bd97bd\" data-element_type=\"container\" data-e-type=\"container\">\n\t\t\t\t<div class=\"elementor-element elementor-element-f09602a elementor-widget-tablet__width-initial elementor-widget elementor-widget-text-editor\" data-id=\"f09602a\" data-element_type=\"widget\" data-e-type=\"widget\" data-widget_type=\"text-editor.default\">\n\t\t\t\t\t\t\t\t\t<p>Hirokazu Kanazawa s\u014dke (1931\u20132019), ein Sch\u00fcler Funakoshi sensei gr\u00fcndete die Shotokan Karatedo International Federation (SKIF). Die Anh\u00e4nger beachten die \u201eS\u00e4ulen des Karated\u014d\u201c: Kihon (Grundschule), Kata (Form), Kumite (Partner\u00fcbung) und geistiges Training. Nur ausgewogenes \u00dcben aller S\u00e4ulen gew\u00e4hrleistet, dass Karate nicht zum blo\u00dfen Sport degeneriert.<\/p><p>F\u00fcr die \u201ewestliche\u201c Denkweise ist es schwierig, in einer k\u00f6rperlichen Bet\u00e4tigung auch deren Einfluss auf die Entwicklung der Seele zu erkennen. Gerade beim Kampfsport muss gr\u00f6\u00dfter Wert auf die geistige Entwicklung des Sch\u00fclers gelegt werden, da ansonsten der gro\u00dfen Verantwortung mit dem Umgang dieses K\u00f6nnens nicht Rechnung getragen w\u00fcrde. Wir verstehen uns bewusst als Gegensatz zum weitverbreiteten Sportkarate (h\u00e4ufig in einschl\u00e4gigen Filmen zu sehen), welches sich in physischem Training und dem Streben nach Wettbewerbserfolgen ersch\u00f6pft.<\/p><p>Unser Ziel ist eine ganzheitliche Erfassung der traditionellen Lehre, einer Kunst, welche ihre Wurzeln in der jahrhundertelangen Entwicklung von China \u00fcber Okinawa und Japan in die ganze Welt hat. Bevor wir uns jedoch zu sehr in die Welt des Bushid\u014d (jap.: Weg des Kriegers) verlieren, kommt bei uns auch das Gesellige nicht zu kurz: Nach dem Training findet sich immer eine Runde, die \u00fcber das zuvor Ge\u00fcbte fachsimpelt, der auch \u00fcber andere Themen plaudert\u2026<\/p>\t\t\t\t\t\t\t\t<\/div>\n\t\t\t\t<\/div>\n\t\t\t\t\t<\/details>\n\t\t\t\t\t<\/div>\n\t\t\t\t\t\t<\/div>\n\t\t\t\t\t<\/div>\n\t\t\t\t<\/div>\n\t\t<div class=\"elementor-element elementor-element-abd78a9 e-flex e-con-boxed e-con e-parent\" data-id=\"abd78a9\" data-element_type=\"container\" data-e-type=\"container\">\n\t\t\t\t\t<div class=\"e-con-inner\">\n\t\t\t\t<div class=\"elementor-element elementor-element-c0afd2d elementor-widget elementor-widget-menu-anchor\" data-id=\"c0afd2d\" data-element_type=\"widget\" data-e-type=\"widget\" data-widget_type=\"menu-anchor.default\">\n\t\t\t\t\t\t\t<div class=\"elementor-menu-anchor\" id=\"faqs\"><\/div>\n\t\t\t\t\t\t<\/div>\n\t\t\t\t<div class=\"elementor-element elementor-element-34a19ec elementor-widget elementor-widget-heading\" data-id=\"34a19ec\" data-element_type=\"widget\" data-e-type=\"widget\" data-widget_type=\"heading.default\">\n\t\t\t\t\t<h2 class=\"elementor-heading-title elementor-size-default\">FAQs<\/h2>\t\t\t\t<\/div>\n\t\t\t\t\t<\/div>\n\t\t\t\t<\/div>\n\t\t<div class=\"elementor-element elementor-element-75b6c85 e-flex e-con-boxed e-con e-parent\" data-id=\"75b6c85\" data-element_type=\"container\" data-e-type=\"container\">\n\t\t\t\t\t<div class=\"e-con-inner\">\n\t\t<div class=\"elementor-element elementor-element-79adcb0 e-con-full e-flex e-con e-child\" data-id=\"79adcb0\" data-element_type=\"container\" data-e-type=\"container\">\n\t\t\t\t<div class=\"elementor-element elementor-element-49dbd2b elementor-widget__width-initial elementor-widget elementor-widget-n-accordion\" data-id=\"49dbd2b\" data-element_type=\"widget\" data-e-type=\"widget\" data-settings=\"{&quot;default_state&quot;:&quot;expanded&quot;,&quot;max_items_expended&quot;:&quot;one&quot;,&quot;n_accordion_animation_duration&quot;:{&quot;unit&quot;:&quot;ms&quot;,&quot;size&quot;:400,&quot;sizes&quot;:[]}}\" data-widget_type=\"nested-accordion.default\">\n\t\t\t\t\t\t\t<div class=\"e-n-accordion\" aria-label=\"Accordion. Open links with Enter or Space, close with Escape, and navigate with Arrow Keys\">\n\t\t\t\t\t\t<details id=\"e-n-accordion-item-7740\" class=\"e-n-accordion-item\" open>\n\t\t\t\t<summary class=\"e-n-accordion-item-title\" data-accordion-index=\"1\" tabindex=\"0\" aria-expanded=\"true\" aria-controls=\"e-n-accordion-item-7740\" >\n\t\t\t\t\t<span class='e-n-accordion-item-title-header'><div class=\"e-n-accordion-item-title-text\"> Ich m\u00f6chte gerne mittrainieren, was muss ich tun? <\/div><\/span>\n\t\t\t\t\t\t\t<span class='e-n-accordion-item-title-icon'>\n\t\t\t<span class='e-opened' ><svg aria-hidden=\"true\" class=\"e-font-icon-svg e-fas-caret-up\" viewBox=\"0 0 320 512\" xmlns=\"http:\/\/www.w3.org\/2000\/svg\"><path d=\"M288.662 352H31.338c-17.818 0-26.741-21.543-14.142-34.142l128.662-128.662c7.81-7.81 20.474-7.81 28.284 0l128.662 128.662c12.6 12.599 3.676 34.142-14.142 34.142z\"><\/path><\/svg><\/span>\n\t\t\t<span class='e-closed'><svg aria-hidden=\"true\" class=\"e-font-icon-svg e-fas-caret-down\" viewBox=\"0 0 320 512\" xmlns=\"http:\/\/www.w3.org\/2000\/svg\"><path d=\"M31.3 192h257.3c17.8 0 26.7 21.5 14.1 34.1L174.1 354.8c-7.8 7.8-20.5 7.8-28.3 0L17.2 226.1C4.6 213.5 13.5 192 31.3 192z\"><\/path><\/svg><\/span>\n\t\t<\/span>\n\n\t\t\t\t\t\t<\/summary>\n\t\t\t\t<div role=\"region\" aria-labelledby=\"e-n-accordion-item-7740\" class=\"elementor-element elementor-element-3784825 e-con-full e-flex e-con e-child\" data-id=\"3784825\" data-element_type=\"container\" data-e-type=\"container\">\n\t\t\t\t<div class=\"elementor-element elementor-element-a6446e7 elementor-widget elementor-widget-text-editor\" data-id=\"a6446e7\" data-element_type=\"widget\" data-e-type=\"widget\" data-widget_type=\"text-editor.default\">\n\t\t\t\t\t\t\t\t\t<p>Der Einstieg ins Karate beginnt mit einem Anf\u00e4ngerkurs. Du kannst aber jederzeit bei einem Training zusehen. Nach dem Training wird dir der Trainer gerne alle Fragen beantworten.<\/p>\t\t\t\t\t\t\t\t<\/div>\n\t\t\t\t<\/div>\n\t\t\t\t\t<\/details>\n\t\t\t\t\t\t<details id=\"e-n-accordion-item-7741\" class=\"e-n-accordion-item\" >\n\t\t\t\t<summary class=\"e-n-accordion-item-title\" data-accordion-index=\"2\" tabindex=\"-1\" aria-expanded=\"false\" aria-controls=\"e-n-accordion-item-7741\" >\n\t\t\t\t\t<span class='e-n-accordion-item-title-header'><div class=\"e-n-accordion-item-title-text\"> Welche Voraussetzungen ben\u00f6tige ich f\u00fcr Karate? <\/div><\/span>\n\t\t\t\t\t\t\t<span class='e-n-accordion-item-title-icon'>\n\t\t\t<span class='e-opened' ><svg aria-hidden=\"true\" class=\"e-font-icon-svg e-fas-caret-up\" viewBox=\"0 0 320 512\" xmlns=\"http:\/\/www.w3.org\/2000\/svg\"><path d=\"M288.662 352H31.338c-17.818 0-26.741-21.543-14.142-34.142l128.662-128.662c7.81-7.81 20.474-7.81 28.284 0l128.662 128.662c12.6 12.599 3.676 34.142-14.142 34.142z\"><\/path><\/svg><\/span>\n\t\t\t<span class='e-closed'><svg aria-hidden=\"true\" class=\"e-font-icon-svg e-fas-caret-down\" viewBox=\"0 0 320 512\" xmlns=\"http:\/\/www.w3.org\/2000\/svg\"><path d=\"M31.3 192h257.3c17.8 0 26.7 21.5 14.1 34.1L174.1 354.8c-7.8 7.8-20.5 7.8-28.3 0L17.2 226.1C4.6 213.5 13.5 192 31.3 192z\"><\/path><\/svg><\/span>\n\t\t<\/span>\n\n\t\t\t\t\t\t<\/summary>\n\t\t\t\t<div role=\"region\" aria-labelledby=\"e-n-accordion-item-7741\" class=\"elementor-element elementor-element-4503b26 e-con-full e-flex e-con e-child\" data-id=\"4503b26\" data-element_type=\"container\" data-e-type=\"container\">\n\t\t\t\t<div class=\"elementor-element elementor-element-136c942 elementor-widget elementor-widget-text-editor\" data-id=\"136c942\" data-element_type=\"widget\" data-e-type=\"widget\" data-widget_type=\"text-editor.default\">\n\t\t\t\t\t\t\t\t\t<p>Jeder, der neu in unseren Verein kommt, hat in der Regel wenig oder keine Erfahrung. Dies ist eigentlich meistens der Grund, warum du dort hingehst, du willst ja etwas lernen. Niemand wird ausgelacht, wenn er etwas nicht kann, besonders nicht beim Karate, da dort jeder bei Null angefangen hat. Du brauchst auch keine speziellen Voraussetzungen wie gute Kondition oder Gelenkigkeit! Das erlernst du mit der Zeit.<\/p>\t\t\t\t\t\t\t\t<\/div>\n\t\t\t\t<\/div>\n\t\t\t\t\t<\/details>\n\t\t\t\t\t\t<details id=\"e-n-accordion-item-7742\" class=\"e-n-accordion-item\" >\n\t\t\t\t<summary class=\"e-n-accordion-item-title\" data-accordion-index=\"3\" tabindex=\"-1\" aria-expanded=\"false\" aria-controls=\"e-n-accordion-item-7742\" >\n\t\t\t\t\t<span class='e-n-accordion-item-title-header'><div class=\"e-n-accordion-item-title-text\"> F\u00fcr welche Altersschichten ist Karate geeignet? <\/div><\/span>\n\t\t\t\t\t\t\t<span class='e-n-accordion-item-title-icon'>\n\t\t\t<span class='e-opened' ><svg aria-hidden=\"true\" class=\"e-font-icon-svg e-fas-caret-up\" viewBox=\"0 0 320 512\" xmlns=\"http:\/\/www.w3.org\/2000\/svg\"><path d=\"M288.662 352H31.338c-17.818 0-26.741-21.543-14.142-34.142l128.662-128.662c7.81-7.81 20.474-7.81 28.284 0l128.662 128.662c12.6 12.599 3.676 34.142-14.142 34.142z\"><\/path><\/svg><\/span>\n\t\t\t<span class='e-closed'><svg aria-hidden=\"true\" class=\"e-font-icon-svg e-fas-caret-down\" viewBox=\"0 0 320 512\" xmlns=\"http:\/\/www.w3.org\/2000\/svg\"><path d=\"M31.3 192h257.3c17.8 0 26.7 21.5 14.1 34.1L174.1 354.8c-7.8 7.8-20.5 7.8-28.3 0L17.2 226.1C4.6 213.5 13.5 192 31.3 192z\"><\/path><\/svg><\/span>\n\t\t<\/span>\n\n\t\t\t\t\t\t<\/summary>\n\t\t\t\t<div role=\"region\" aria-labelledby=\"e-n-accordion-item-7742\" class=\"elementor-element elementor-element-c5b209e e-con-full e-flex e-con e-child\" data-id=\"c5b209e\" data-element_type=\"container\" data-e-type=\"container\">\n\t\t\t\t<div class=\"elementor-element elementor-element-836a996 elementor-widget elementor-widget-text-editor\" data-id=\"836a996\" data-element_type=\"widget\" data-e-type=\"widget\" data-widget_type=\"text-editor.default\">\n\t\t\t\t\t\t\t\t\t<p>Es hat sich bei uns gezeigt, dass es ab einem Alter von 8 Jahren m\u00f6glich ist, f\u00fcr Kinder zu trainieren. Darunter ist es weniger zu empfehlen, h\u00e4ngt jedoch auch von den Kindern im einzelnen ab. Unsere Trainer stehen f\u00fcr informative Gespr\u00e4che gerne zur Verf\u00fcgung. Nach oben gibt es eigentlich keine Grenze, solange es unser K\u00f6rper und Geist zulassen.<\/p>\t\t\t\t\t\t\t\t<\/div>\n\t\t\t\t<\/div>\n\t\t\t\t\t<\/details>\n\t\t\t\t\t\t<details id=\"e-n-accordion-item-7743\" class=\"e-n-accordion-item\" >\n\t\t\t\t<summary class=\"e-n-accordion-item-title\" data-accordion-index=\"4\" tabindex=\"-1\" aria-expanded=\"false\" aria-controls=\"e-n-accordion-item-7743\" >\n\t\t\t\t\t<span class='e-n-accordion-item-title-header'><div class=\"e-n-accordion-item-title-text\"> Gibt es Schnupper- oder Probetrainings? <\/div><\/span>\n\t\t\t\t\t\t\t<span class='e-n-accordion-item-title-icon'>\n\t\t\t<span class='e-opened' ><svg aria-hidden=\"true\" class=\"e-font-icon-svg e-fas-caret-up\" viewBox=\"0 0 320 512\" xmlns=\"http:\/\/www.w3.org\/2000\/svg\"><path d=\"M288.662 352H31.338c-17.818 0-26.741-21.543-14.142-34.142l128.662-128.662c7.81-7.81 20.474-7.81 28.284 0l128.662 128.662c12.6 12.599 3.676 34.142-14.142 34.142z\"><\/path><\/svg><\/span>\n\t\t\t<span class='e-closed'><svg aria-hidden=\"true\" class=\"e-font-icon-svg e-fas-caret-down\" viewBox=\"0 0 320 512\" xmlns=\"http:\/\/www.w3.org\/2000\/svg\"><path d=\"M31.3 192h257.3c17.8 0 26.7 21.5 14.1 34.1L174.1 354.8c-7.8 7.8-20.5 7.8-28.3 0L17.2 226.1C4.6 213.5 13.5 192 31.3 192z\"><\/path><\/svg><\/span>\n\t\t<\/span>\n\n\t\t\t\t\t\t<\/summary>\n\t\t\t\t<div role=\"region\" aria-labelledby=\"e-n-accordion-item-7743\" class=\"elementor-element elementor-element-c7ffade e-con-full e-flex e-con e-child\" data-id=\"c7ffade\" data-element_type=\"container\" data-e-type=\"container\">\n\t\t\t\t<div class=\"elementor-element elementor-element-bb1ed0f elementor-widget elementor-widget-text-editor\" data-id=\"bb1ed0f\" data-element_type=\"widget\" data-e-type=\"widget\" data-widget_type=\"text-editor.default\">\n\t\t\t\t\t\t\t\t\t<p>Nein. Wir laden Interessierte vielmehr dazu ein, bei einem oder mehreren Trainings zuzusehen und bei Gefallen bei einem Anf\u00e4ngerkurs mit Karate zu beginnen. Das erste Training ist kostenlos.<\/p>\t\t\t\t\t\t\t\t<\/div>\n\t\t\t\t<\/div>\n\t\t\t\t\t<\/details>\n\t\t\t\t\t\t<details id=\"e-n-accordion-item-7744\" class=\"e-n-accordion-item\" >\n\t\t\t\t<summary class=\"e-n-accordion-item-title\" data-accordion-index=\"5\" tabindex=\"-1\" aria-expanded=\"false\" aria-controls=\"e-n-accordion-item-7744\" >\n\t\t\t\t\t<span class='e-n-accordion-item-title-header'><div class=\"e-n-accordion-item-title-text\"> Kann ich mittrainieren ohne dem Verein beizutreten? <\/div><\/span>\n\t\t\t\t\t\t\t<span class='e-n-accordion-item-title-icon'>\n\t\t\t<span class='e-opened' ><svg aria-hidden=\"true\" class=\"e-font-icon-svg e-fas-caret-up\" viewBox=\"0 0 320 512\" xmlns=\"http:\/\/www.w3.org\/2000\/svg\"><path d=\"M288.662 352H31.338c-17.818 0-26.741-21.543-14.142-34.142l128.662-128.662c7.81-7.81 20.474-7.81 28.284 0l128.662 128.662c12.6 12.599 3.676 34.142-14.142 34.142z\"><\/path><\/svg><\/span>\n\t\t\t<span class='e-closed'><svg aria-hidden=\"true\" class=\"e-font-icon-svg e-fas-caret-down\" viewBox=\"0 0 320 512\" xmlns=\"http:\/\/www.w3.org\/2000\/svg\"><path d=\"M31.3 192h257.3c17.8 0 26.7 21.5 14.1 34.1L174.1 354.8c-7.8 7.8-20.5 7.8-28.3 0L17.2 226.1C4.6 213.5 13.5 192 31.3 192z\"><\/path><\/svg><\/span>\n\t\t<\/span>\n\n\t\t\t\t\t\t<\/summary>\n\t\t\t\t<div role=\"region\" aria-labelledby=\"e-n-accordion-item-7744\" class=\"elementor-element elementor-element-2673719 e-con-full e-flex e-con e-child\" data-id=\"2673719\" data-element_type=\"container\" data-e-type=\"container\">\n\t\t\t\t<div class=\"elementor-element elementor-element-06905a3 elementor-widget elementor-widget-text-editor\" data-id=\"06905a3\" data-element_type=\"widget\" data-e-type=\"widget\" data-widget_type=\"text-editor.default\">\n\t\t\t\t\t\t\t\t\t<p>Nein. Das Training ist nur f\u00fcr Vereinsmitglieder. Au\u00dferdem bist du nur als Mitglied versichert. Solltest du nur kurze Zeit zu Besuch in Ried im Innkreis sein, ist das Training aber m\u00f6glich \u2013 kontaktiere bitte daf\u00fcr unsere Trainer.<\/p>\t\t\t\t\t\t\t\t<\/div>\n\t\t\t\t<\/div>\n\t\t\t\t\t<\/details>\n\t\t\t\t\t\t<details id=\"e-n-accordion-item-7745\" class=\"e-n-accordion-item\" >\n\t\t\t\t<summary class=\"e-n-accordion-item-title\" data-accordion-index=\"6\" tabindex=\"-1\" aria-expanded=\"false\" aria-controls=\"e-n-accordion-item-7745\" >\n\t\t\t\t\t<span class='e-n-accordion-item-title-header'><div class=\"e-n-accordion-item-title-text\"> Was kostet mich die Mitgliedschaft im Verein? <\/div><\/span>\n\t\t\t\t\t\t\t<span class='e-n-accordion-item-title-icon'>\n\t\t\t<span class='e-opened' ><svg aria-hidden=\"true\" class=\"e-font-icon-svg e-fas-caret-up\" viewBox=\"0 0 320 512\" xmlns=\"http:\/\/www.w3.org\/2000\/svg\"><path d=\"M288.662 352H31.338c-17.818 0-26.741-21.543-14.142-34.142l128.662-128.662c7.81-7.81 20.474-7.81 28.284 0l128.662 128.662c12.6 12.599 3.676 34.142-14.142 34.142z\"><\/path><\/svg><\/span>\n\t\t\t<span class='e-closed'><svg aria-hidden=\"true\" class=\"e-font-icon-svg e-fas-caret-down\" viewBox=\"0 0 320 512\" xmlns=\"http:\/\/www.w3.org\/2000\/svg\"><path d=\"M31.3 192h257.3c17.8 0 26.7 21.5 14.1 34.1L174.1 354.8c-7.8 7.8-20.5 7.8-28.3 0L17.2 226.1C4.6 213.5 13.5 192 31.3 192z\"><\/path><\/svg><\/span>\n\t\t<\/span>\n\n\t\t\t\t\t\t<\/summary>\n\t\t\t\t<div role=\"region\" aria-labelledby=\"e-n-accordion-item-7745\" class=\"elementor-element elementor-element-9fb5348 e-con-full e-flex e-con e-child\" data-id=\"9fb5348\" data-element_type=\"container\" data-e-type=\"container\">\n\t\t\t\t<div class=\"elementor-element elementor-element-da78ee8 elementor-widget elementor-widget-text-editor\" data-id=\"da78ee8\" data-element_type=\"widget\" data-e-type=\"widget\" data-widget_type=\"text-editor.default\">\n\t\t\t\t\t\t\t\t\t<p><strong>Kinder und Jugendliche<\/strong>: 32,\u2013 Euro pro Quartal<br \/><strong>Erwachsene (ab 18 Jahre)<\/strong>: 59,\u2013 Euro pro Quartal<br \/><strong>Familien<\/strong>: voller Betrag nur f\u00fcr das \u00e4lteste Familienmitglied; Partner oder Geschwister zahlen 6,\u2013 Euro pro Quartal (g\u00fcltig ab 1.4.2025)<\/p><p>Dazu kommt einmal im Jahr der Mitgliedsbeitrag der Shotokan Karatedo International Austrian Federation. Die aktuellen SKIAF-Beitr\u00e4ge sind unter <a href=\"https:\/\/www.karate.at\">www.karate.at<\/a> zu finden.<\/p>\t\t\t\t\t\t\t\t<\/div>\n\t\t\t\t<\/div>\n\t\t\t\t\t<\/details>\n\t\t\t\t\t\t<details id=\"e-n-accordion-item-7746\" class=\"e-n-accordion-item\" >\n\t\t\t\t<summary class=\"e-n-accordion-item-title\" data-accordion-index=\"7\" tabindex=\"-1\" aria-expanded=\"false\" aria-controls=\"e-n-accordion-item-7746\" >\n\t\t\t\t\t<span class='e-n-accordion-item-title-header'><div class=\"e-n-accordion-item-title-text\"> Wann bin ich offiziell Vereinsmitglied? <\/div><\/span>\n\t\t\t\t\t\t\t<span class='e-n-accordion-item-title-icon'>\n\t\t\t<span class='e-opened' ><svg aria-hidden=\"true\" class=\"e-font-icon-svg e-fas-caret-up\" viewBox=\"0 0 320 512\" xmlns=\"http:\/\/www.w3.org\/2000\/svg\"><path d=\"M288.662 352H31.338c-17.818 0-26.741-21.543-14.142-34.142l128.662-128.662c7.81-7.81 20.474-7.81 28.284 0l128.662 128.662c12.6 12.599 3.676 34.142-14.142 34.142z\"><\/path><\/svg><\/span>\n\t\t\t<span class='e-closed'><svg aria-hidden=\"true\" class=\"e-font-icon-svg e-fas-caret-down\" viewBox=\"0 0 320 512\" xmlns=\"http:\/\/www.w3.org\/2000\/svg\"><path d=\"M31.3 192h257.3c17.8 0 26.7 21.5 14.1 34.1L174.1 354.8c-7.8 7.8-20.5 7.8-28.3 0L17.2 226.1C4.6 213.5 13.5 192 31.3 192z\"><\/path><\/svg><\/span>\n\t\t<\/span>\n\n\t\t\t\t\t\t<\/summary>\n\t\t\t\t<div role=\"region\" aria-labelledby=\"e-n-accordion-item-7746\" class=\"elementor-element elementor-element-989032b e-con-full e-flex e-con e-child\" data-id=\"989032b\" data-element_type=\"container\" data-e-type=\"container\">\n\t\t\t\t<div class=\"elementor-element elementor-element-2735c28 elementor-widget elementor-widget-text-editor\" data-id=\"2735c28\" data-element_type=\"widget\" data-e-type=\"widget\" data-widget_type=\"text-editor.default\">\n\t\t\t\t\t\t\t\t\t<p>Ab dem Datum der Einzahlung deines Mitgliedbeitrages auf das Vereinskonto.<\/p>\t\t\t\t\t\t\t\t<\/div>\n\t\t\t\t<\/div>\n\t\t\t\t\t<\/details>\n\t\t\t\t\t\t<details id=\"e-n-accordion-item-7747\" class=\"e-n-accordion-item\" >\n\t\t\t\t<summary class=\"e-n-accordion-item-title\" data-accordion-index=\"8\" tabindex=\"-1\" aria-expanded=\"false\" aria-controls=\"e-n-accordion-item-7747\" >\n\t\t\t\t\t<span class='e-n-accordion-item-title-header'><div class=\"e-n-accordion-item-title-text\"> Was passiert mit dem Mitgliedsbeitrag? <\/div><\/span>\n\t\t\t\t\t\t\t<span class='e-n-accordion-item-title-icon'>\n\t\t\t<span class='e-opened' ><svg aria-hidden=\"true\" class=\"e-font-icon-svg e-fas-caret-up\" viewBox=\"0 0 320 512\" xmlns=\"http:\/\/www.w3.org\/2000\/svg\"><path d=\"M288.662 352H31.338c-17.818 0-26.741-21.543-14.142-34.142l128.662-128.662c7.81-7.81 20.474-7.81 28.284 0l128.662 128.662c12.6 12.599 3.676 34.142-14.142 34.142z\"><\/path><\/svg><\/span>\n\t\t\t<span class='e-closed'><svg aria-hidden=\"true\" class=\"e-font-icon-svg e-fas-caret-down\" viewBox=\"0 0 320 512\" xmlns=\"http:\/\/www.w3.org\/2000\/svg\"><path d=\"M31.3 192h257.3c17.8 0 26.7 21.5 14.1 34.1L174.1 354.8c-7.8 7.8-20.5 7.8-28.3 0L17.2 226.1C4.6 213.5 13.5 192 31.3 192z\"><\/path><\/svg><\/span>\n\t\t<\/span>\n\n\t\t\t\t\t\t<\/summary>\n\t\t\t\t<div role=\"region\" aria-labelledby=\"e-n-accordion-item-7747\" class=\"elementor-element elementor-element-2d6dc94 e-con-full e-flex e-con e-child\" data-id=\"2d6dc94\" data-element_type=\"container\" data-e-type=\"container\">\n\t\t\t\t<div class=\"elementor-element elementor-element-a0b3035 elementor-widget elementor-widget-text-editor\" data-id=\"a0b3035\" data-element_type=\"widget\" data-e-type=\"widget\" data-widget_type=\"text-editor.default\">\n\t\t\t\t\t\t\t\t\t<p>Das Geld wird f\u00fcr Hallenkosten, Lehrgangsunterst\u00fctzungen, Weiterbildungskurse und Veranstaltungen verwendet.<\/p>\t\t\t\t\t\t\t\t<\/div>\n\t\t\t\t<\/div>\n\t\t\t\t\t<\/details>\n\t\t\t\t\t\t<details id=\"e-n-accordion-item-7748\" class=\"e-n-accordion-item\" >\n\t\t\t\t<summary class=\"e-n-accordion-item-title\" data-accordion-index=\"9\" tabindex=\"-1\" aria-expanded=\"false\" aria-controls=\"e-n-accordion-item-7748\" >\n\t\t\t\t\t<span class='e-n-accordion-item-title-header'><div class=\"e-n-accordion-item-title-text\"> Was hat es mit den farbigen G\u00fcrteln auf sich? <\/div><\/span>\n\t\t\t\t\t\t\t<span class='e-n-accordion-item-title-icon'>\n\t\t\t<span class='e-opened' ><svg aria-hidden=\"true\" class=\"e-font-icon-svg e-fas-caret-up\" viewBox=\"0 0 320 512\" xmlns=\"http:\/\/www.w3.org\/2000\/svg\"><path d=\"M288.662 352H31.338c-17.818 0-26.741-21.543-14.142-34.142l128.662-128.662c7.81-7.81 20.474-7.81 28.284 0l128.662 128.662c12.6 12.599 3.676 34.142-14.142 34.142z\"><\/path><\/svg><\/span>\n\t\t\t<span class='e-closed'><svg aria-hidden=\"true\" class=\"e-font-icon-svg e-fas-caret-down\" viewBox=\"0 0 320 512\" xmlns=\"http:\/\/www.w3.org\/2000\/svg\"><path d=\"M31.3 192h257.3c17.8 0 26.7 21.5 14.1 34.1L174.1 354.8c-7.8 7.8-20.5 7.8-28.3 0L17.2 226.1C4.6 213.5 13.5 192 31.3 192z\"><\/path><\/svg><\/span>\n\t\t<\/span>\n\n\t\t\t\t\t\t<\/summary>\n\t\t\t\t<div role=\"region\" aria-labelledby=\"e-n-accordion-item-7748\" class=\"elementor-element elementor-element-dd4618a e-con-full e-flex e-con e-child\" data-id=\"dd4618a\" data-element_type=\"container\" data-e-type=\"container\">\n\t\t\t\t<div class=\"elementor-element elementor-element-2381c9d elementor-widget elementor-widget-text-editor\" data-id=\"2381c9d\" data-element_type=\"widget\" data-e-type=\"widget\" data-widget_type=\"text-editor.default\">\n\t\t\t\t\t\t\t\t\t<p>Die farbigen G\u00fcrtel markieren die neun Sch\u00fclergrade (Ky\u016b): wei\u00df, gelb, orange, gr\u00fcn, 2x violett und 3x braun. In dieser Reihenfolge werden auch die Pr\u00fcfungen abgelegt. Wenn du all diese Stufen durchlaufen hast und den entsprechenden Willen, Eifer, Flei\u00df und Fortschritt gezeigt hast, wartet schlie\u00dflich der erste schwarze G\u00fcrtel (Dan). Er ist aber nicht das Ende, sondern erst der Anfang im Karated\u014d, denn nun bist du ein \u201eSuchender nach dem Weg\u201c.<\/p>\t\t\t\t\t\t\t\t<\/div>\n\t\t\t\t<\/div>\n\t\t\t\t\t<\/details>\n\t\t\t\t\t\t<details id=\"e-n-accordion-item-7749\" class=\"e-n-accordion-item\" >\n\t\t\t\t<summary class=\"e-n-accordion-item-title\" data-accordion-index=\"10\" tabindex=\"-1\" aria-expanded=\"false\" aria-controls=\"e-n-accordion-item-7749\" >\n\t\t\t\t\t<span class='e-n-accordion-item-title-header'><div class=\"e-n-accordion-item-title-text\"> Wie funktioniert das mit den G\u00fcrtelpr\u00fcfungen? <\/div><\/span>\n\t\t\t\t\t\t\t<span class='e-n-accordion-item-title-icon'>\n\t\t\t<span class='e-opened' ><svg aria-hidden=\"true\" class=\"e-font-icon-svg e-fas-caret-up\" viewBox=\"0 0 320 512\" xmlns=\"http:\/\/www.w3.org\/2000\/svg\"><path d=\"M288.662 352H31.338c-17.818 0-26.741-21.543-14.142-34.142l128.662-128.662c7.81-7.81 20.474-7.81 28.284 0l128.662 128.662c12.6 12.599 3.676 34.142-14.142 34.142z\"><\/path><\/svg><\/span>\n\t\t\t<span class='e-closed'><svg aria-hidden=\"true\" class=\"e-font-icon-svg e-fas-caret-down\" viewBox=\"0 0 320 512\" xmlns=\"http:\/\/www.w3.org\/2000\/svg\"><path d=\"M31.3 192h257.3c17.8 0 26.7 21.5 14.1 34.1L174.1 354.8c-7.8 7.8-20.5 7.8-28.3 0L17.2 226.1C4.6 213.5 13.5 192 31.3 192z\"><\/path><\/svg><\/span>\n\t\t<\/span>\n\n\t\t\t\t\t\t<\/summary>\n\t\t\t\t<div role=\"region\" aria-labelledby=\"e-n-accordion-item-7749\" class=\"elementor-element elementor-element-ea1d1d4 e-con-full e-flex e-con e-child\" data-id=\"ea1d1d4\" data-element_type=\"container\" data-e-type=\"container\">\n\t\t\t\t<div class=\"elementor-element elementor-element-6e10900 elementor-widget elementor-widget-text-editor\" data-id=\"6e10900\" data-element_type=\"widget\" data-e-type=\"widget\" data-widget_type=\"text-editor.default\">\n\t\t\t\t\t\t\t\t\t<p>Der Trainer teilt dir mit, wenn du weit genug fortgeschritten bist, um eine G\u00fcrtelpr\u00fcfung abzulegen. Im Allgemeinen gilt es im Karated\u014d als unh\u00f6flich den Trainer kontinuierlich danach zu fragen, wann man denn die n\u00e4chste Pr\u00fcfung machen k\u00f6nne.<\/p>\t\t\t\t\t\t\t\t<\/div>\n\t\t\t\t<\/div>\n\t\t\t\t\t<\/details>\n\t\t\t\t\t\t<details id=\"e-n-accordion-item-77410\" class=\"e-n-accordion-item\" >\n\t\t\t\t<summary class=\"e-n-accordion-item-title\" data-accordion-index=\"11\" tabindex=\"-1\" aria-expanded=\"false\" aria-controls=\"e-n-accordion-item-77410\" >\n\t\t\t\t\t<span class='e-n-accordion-item-title-header'><div class=\"e-n-accordion-item-title-text\"> Wer nimmt die Pr\u00fcfungen ab? <\/div><\/span>\n\t\t\t\t\t\t\t<span class='e-n-accordion-item-title-icon'>\n\t\t\t<span class='e-opened' ><svg aria-hidden=\"true\" class=\"e-font-icon-svg e-fas-caret-up\" viewBox=\"0 0 320 512\" xmlns=\"http:\/\/www.w3.org\/2000\/svg\"><path d=\"M288.662 352H31.338c-17.818 0-26.741-21.543-14.142-34.142l128.662-128.662c7.81-7.81 20.474-7.81 28.284 0l128.662 128.662c12.6 12.599 3.676 34.142-14.142 34.142z\"><\/path><\/svg><\/span>\n\t\t\t<span class='e-closed'><svg aria-hidden=\"true\" class=\"e-font-icon-svg e-fas-caret-down\" viewBox=\"0 0 320 512\" xmlns=\"http:\/\/www.w3.org\/2000\/svg\"><path d=\"M31.3 192h257.3c17.8 0 26.7 21.5 14.1 34.1L174.1 354.8c-7.8 7.8-20.5 7.8-28.3 0L17.2 226.1C4.6 213.5 13.5 192 31.3 192z\"><\/path><\/svg><\/span>\n\t\t<\/span>\n\n\t\t\t\t\t\t<\/summary>\n\t\t\t\t<div role=\"region\" aria-labelledby=\"e-n-accordion-item-77410\" class=\"elementor-element elementor-element-b75a9f5 e-con-full e-flex e-con e-child\" data-id=\"b75a9f5\" data-element_type=\"container\" data-e-type=\"container\">\n\t\t\t\t<div class=\"elementor-element elementor-element-5437a80 elementor-widget elementor-widget-text-editor\" data-id=\"5437a80\" data-element_type=\"widget\" data-e-type=\"widget\" data-widget_type=\"text-editor.default\">\n\t\t\t\t\t\t\t\t\t<p>S\u00e4mtliche Sch\u00fclergrad-Pr\u00fcfungen werden von der Technischen Kommission der SKIAF abgenommen. Alle Schwarzgurt-Pr\u00fcfungen k\u00f6nnen nur bei japanischen Meistern der SKIF abgelegt werden.<\/p>\t\t\t\t\t\t\t\t<\/div>\n\t\t\t\t<\/div>\n\t\t\t\t\t<\/details>\n\t\t\t\t\t\t<details id=\"e-n-accordion-item-77411\" class=\"e-n-accordion-item\" >\n\t\t\t\t<summary class=\"e-n-accordion-item-title\" data-accordion-index=\"12\" tabindex=\"-1\" aria-expanded=\"false\" aria-controls=\"e-n-accordion-item-77411\" >\n\t\t\t\t\t<span class='e-n-accordion-item-title-header'><div class=\"e-n-accordion-item-title-text\"> Ich habe in einem anderen Verband Karate trainiert. Was geschieht mit meiner Graduierung? <\/div><\/span>\n\t\t\t\t\t\t\t<span class='e-n-accordion-item-title-icon'>\n\t\t\t<span class='e-opened' ><svg aria-hidden=\"true\" class=\"e-font-icon-svg e-fas-caret-up\" viewBox=\"0 0 320 512\" xmlns=\"http:\/\/www.w3.org\/2000\/svg\"><path d=\"M288.662 352H31.338c-17.818 0-26.741-21.543-14.142-34.142l128.662-128.662c7.81-7.81 20.474-7.81 28.284 0l128.662 128.662c12.6 12.599 3.676 34.142-14.142 34.142z\"><\/path><\/svg><\/span>\n\t\t\t<span class='e-closed'><svg aria-hidden=\"true\" class=\"e-font-icon-svg e-fas-caret-down\" viewBox=\"0 0 320 512\" xmlns=\"http:\/\/www.w3.org\/2000\/svg\"><path d=\"M31.3 192h257.3c17.8 0 26.7 21.5 14.1 34.1L174.1 354.8c-7.8 7.8-20.5 7.8-28.3 0L17.2 226.1C4.6 213.5 13.5 192 31.3 192z\"><\/path><\/svg><\/span>\n\t\t<\/span>\n\n\t\t\t\t\t\t<\/summary>\n\t\t\t\t<div role=\"region\" aria-labelledby=\"e-n-accordion-item-77411\" class=\"elementor-element elementor-element-7e7293b e-con-full e-flex e-con e-child\" data-id=\"7e7293b\" data-element_type=\"container\" data-e-type=\"container\">\n\t\t\t\t<div class=\"elementor-element elementor-element-9eead2e elementor-widget elementor-widget-text-editor\" data-id=\"9eead2e\" data-element_type=\"widget\" data-e-type=\"widget\" data-widget_type=\"text-editor.default\">\n\t\t\t\t\t\t\t\t\t<p>Du wirst gem\u00e4\u00df unserer Richtlinien neu eingestuft. In der Regel musst du deine letzte Pr\u00fcfung bei uns wiederholen. Die Entscheidung dar\u00fcber liegt bei den Trainern. Das Training selbst steht bei uns im Vordergrund. Wenn deine aktive Karate-Zeit schon l\u00e4nger zur\u00fcck liegt, solltest du jedoch ernsthaft in Erw\u00e4gung ziehen, wieder mit dem wei\u00dfen G\u00fcrtel anzufangen.<\/p>\t\t\t\t\t\t\t\t<\/div>\n\t\t\t\t<\/div>\n\t\t\t\t\t<\/details>\n\t\t\t\t\t<\/div>\n\t\t\t\t\t<script type=\"application\/ld+json\">{\"@context\":\"https:\\\/\\\/schema.org\",\"@type\":\"FAQPage\",\"mainEntity\":[{\"@type\":\"Question\",\"name\":\"Ich m\\u00f6chte gerne mittrainieren, was muss ich tun?\",\"acceptedAnswer\":{\"@type\":\"Answer\",\"text\":\"Der Einstieg ins Karate beginnt mit einem Anf\\u00e4ngerkurs. Du kannst aber jederzeit bei einem Training zusehen. Nach dem Training wird dir der Trainer gerne alle Fragen beantworten.\"}},{\"@type\":\"Question\",\"name\":\"Welche Voraussetzungen ben\\u00f6tige ich f\\u00fcr Karate?\",\"acceptedAnswer\":{\"@type\":\"Answer\",\"text\":\"Jeder, der neu in unseren Verein kommt, hat in der Regel wenig oder keine Erfahrung. Dies ist eigentlich meistens der Grund, warum du dort hingehst, du willst ja etwas lernen. Niemand wird ausgelacht, wenn er etwas nicht kann, besonders nicht beim Karate, da dort jeder bei Null angefangen hat. Du brauchst auch keine speziellen Voraussetzungen wie gute Kondition oder Gelenkigkeit! Das erlernst du mit der Zeit.\"}},{\"@type\":\"Question\",\"name\":\"F\\u00fcr welche Altersschichten ist Karate geeignet?\",\"acceptedAnswer\":{\"@type\":\"Answer\",\"text\":\"Es hat sich bei uns gezeigt, dass es ab einem Alter von 8 Jahren m\\u00f6glich ist, f\\u00fcr Kinder zu trainieren. Darunter ist es weniger zu empfehlen, h\\u00e4ngt jedoch auch von den Kindern im einzelnen ab. Unsere Trainer stehen f\\u00fcr informative Gespr\\u00e4che gerne zur Verf\\u00fcgung. Nach oben gibt es eigentlich keine Grenze, solange es unser K\\u00f6rper und Geist zulassen.\"}},{\"@type\":\"Question\",\"name\":\"Gibt es Schnupper- oder Probetrainings?\",\"acceptedAnswer\":{\"@type\":\"Answer\",\"text\":\"Nein. Wir laden Interessierte vielmehr dazu ein, bei einem oder mehreren Trainings zuzusehen und bei Gefallen bei einem Anf\\u00e4ngerkurs mit Karate zu beginnen. Das erste Training ist kostenlos.\"}},{\"@type\":\"Question\",\"name\":\"Kann ich mittrainieren ohne dem Verein beizutreten?\",\"acceptedAnswer\":{\"@type\":\"Answer\",\"text\":\"Nein. Das Training ist nur f\\u00fcr Vereinsmitglieder. Au\\u00dferdem bist du nur als Mitglied versichert. Solltest du nur kurze Zeit zu Besuch in Ried im Innkreis sein, ist das Training aber m\\u00f6glich \\u2013 kontaktiere bitte daf\\u00fcr unsere Trainer.\"}},{\"@type\":\"Question\",\"name\":\"Was kostet mich die Mitgliedschaft im Verein?\",\"acceptedAnswer\":{\"@type\":\"Answer\",\"text\":\"Kinder und Jugendliche: 32,\\u2013 Euro pro QuartalErwachsene (ab 18 Jahre): 59,\\u2013 Euro pro QuartalFamilien: voller Betrag nur f\\u00fcr das \\u00e4lteste Familienmitglied; Partner oder Geschwister zahlen 6,\\u2013 Euro pro Quartal (g\\u00fcltig ab 1.4.2025)Dazu kommt einmal im Jahr der Mitgliedsbeitrag der Shotokan Karatedo International Austrian Federation. Die aktuellen SKIAF-Beitr\\u00e4ge sind unter www.karate.at zu finden.\"}},{\"@type\":\"Question\",\"name\":\"Wann bin ich offiziell Vereinsmitglied?\",\"acceptedAnswer\":{\"@type\":\"Answer\",\"text\":\"Ab dem Datum der Einzahlung deines Mitgliedbeitrages auf das Vereinskonto.\"}},{\"@type\":\"Question\",\"name\":\"Was passiert mit dem Mitgliedsbeitrag?\",\"acceptedAnswer\":{\"@type\":\"Answer\",\"text\":\"Das Geld wird f\\u00fcr Hallenkosten, Lehrgangsunterst\\u00fctzungen, Weiterbildungskurse und Veranstaltungen verwendet.\"}},{\"@type\":\"Question\",\"name\":\"Was hat es mit den farbigen G\\u00fcrteln auf sich?\",\"acceptedAnswer\":{\"@type\":\"Answer\",\"text\":\"Die farbigen G\\u00fcrtel markieren die neun Sch\\u00fclergrade (Ky\\u016b): wei\\u00df, gelb, orange, gr\\u00fcn, 2x violett und 3x braun. In dieser Reihenfolge werden auch die Pr\\u00fcfungen abgelegt. Wenn du all diese Stufen durchlaufen hast und den entsprechenden Willen, Eifer, Flei\\u00df und Fortschritt gezeigt hast, wartet schlie\\u00dflich der erste schwarze G\\u00fcrtel (Dan). Er ist aber nicht das Ende, sondern erst der Anfang im Karated\\u014d, denn nun bist du ein \\u201eSuchender nach dem Weg\\u201c.\"}},{\"@type\":\"Question\",\"name\":\"Wie funktioniert das mit den G\\u00fcrtelpr\\u00fcfungen?\",\"acceptedAnswer\":{\"@type\":\"Answer\",\"text\":\"Der Trainer teilt dir mit, wenn du weit genug fortgeschritten bist, um eine G\\u00fcrtelpr\\u00fcfung abzulegen. Im Allgemeinen gilt es im Karated\\u014d als unh\\u00f6flich den Trainer kontinuierlich danach zu fragen, wann man denn die n\\u00e4chste Pr\\u00fcfung machen k\\u00f6nne.\"}},{\"@type\":\"Question\",\"name\":\"Wer nimmt die Pr\\u00fcfungen ab?\",\"acceptedAnswer\":{\"@type\":\"Answer\",\"text\":\"S\\u00e4mtliche Sch\\u00fclergrad-Pr\\u00fcfungen werden von der Technischen Kommission der SKIAF abgenommen. Alle Schwarzgurt-Pr\\u00fcfungen k\\u00f6nnen nur bei japanischen Meistern der SKIF abgelegt werden.\"}},{\"@type\":\"Question\",\"name\":\"Ich habe in einem anderen Verband Karate trainiert. Was geschieht mit meiner Graduierung?\",\"acceptedAnswer\":{\"@type\":\"Answer\",\"text\":\"Du wirst gem\\u00e4\\u00df unserer Richtlinien neu eingestuft. In der Regel musst du deine letzte Pr\\u00fcfung bei uns wiederholen. Die Entscheidung dar\\u00fcber liegt bei den Trainern. Das Training selbst steht bei uns im Vordergrund. Wenn deine aktive Karate-Zeit schon l\\u00e4nger zur\\u00fcck liegt, solltest du jedoch ernsthaft in Erw\\u00e4gung ziehen, wieder mit dem wei\\u00dfen G\\u00fcrtel anzufangen.\"}}]}<\/script>\n\t\t\t\t\t\t\t<\/div>\n\t\t\t\t<\/div>\n\t\t\t\t\t<\/div>\n\t\t\t\t<\/div>\n\t\t<div class=\"elementor-element elementor-element-ee038e4 e-flex e-con-boxed e-con e-parent\" data-id=\"ee038e4\" data-element_type=\"container\" data-e-type=\"container\" data-settings=\"{&quot;background_background&quot;:&quot;classic&quot;}\">\n\t\t\t\t\t<div class=\"e-con-inner\">\n\t\t\t\t<div class=\"elementor-element elementor-element-66b01d4 elementor-widget elementor-widget-menu-anchor\" data-id=\"66b01d4\" data-element_type=\"widget\" data-e-type=\"widget\" data-widget_type=\"menu-anchor.default\">\n\t\t\t\t\t\t\t<div class=\"elementor-menu-anchor\" id=\"kontakt\"><\/div>\n\t\t\t\t\t\t<\/div>\n\t\t<div class=\"elementor-element elementor-element-5e86af0 e-con-full e-flex e-con e-child\" data-id=\"5e86af0\" data-element_type=\"container\" data-e-type=\"container\">\n\t\t\t\t<\/div>\n\t\t\t\t<div class=\"elementor-element elementor-element-0f5c5d2 elementor-widget__width-initial elementor-widget elementor-widget-wpforms\" data-id=\"0f5c5d2\" data-element_type=\"widget\" data-e-type=\"widget\" data-widget_type=\"wpforms.default\">\n\t\t\t\t<div class=\"elementor-widget-container\">\n\t\t\t\t\t<style id=\"wpforms-css-vars-elementor-widget-0f5c5d2\">\n\t\t\t\t.elementor-widget-wpforms.elementor-element-0f5c5d2 {\n\t\t\t\t--wpforms-field-border-color: #cccccc;\n--wpforms-field-border-color-spare: #cccccc;\n--wpforms-field-text-color: #444444;\n--wpforms-label-color: #ffffff;\n--wpforms-label-sublabel-color: #7f7f7f;\n--wpforms-label-error-color: #ff0000;\n--wpforms-button-border-style: solid;\n--wpforms-button-background-color: #dddddd;\n--wpforms-button-border-color: #cccccc;\n--wpforms-button-text-color: #666666;\n--wpforms-page-break-color: #dddddd;\n\t\t\t}\n\t\t\t<\/style><div class=\"wpforms-container wpforms-container-full wpforms-render-modern\" id=\"wpforms-588\"><form id=\"wpforms-form-588\" class=\"wpforms-validate wpforms-form wpforms-ajax-form\" data-formid=\"588\" method=\"post\" enctype=\"multipart\/form-data\" action=\"\/ried\/wp-json\/wp\/v2\/pages\/54\" data-token=\"faf8eece72213d1cd5755ef1c57a9f1f\" data-token-time=\"1777555732\"><noscript class=\"wpforms-error-noscript\">Please enable JavaScript in your browser to complete this form.<\/noscript><div id=\"wpforms-error-noscript\" style=\"display: none;\">Please enable JavaScript in your browser to complete this form.<\/div><div class=\"wpforms-field-container\"><div id=\"wpforms-588-field_1-container\" class=\"wpforms-field wpforms-field-name\" data-field-id=\"1\"><label class=\"wpforms-field-label\" for=\"wpforms-588-field_1\">Name <span class=\"wpforms-required-label\" aria-hidden=\"true\">*<\/span><\/label><input type=\"text\" id=\"wpforms-588-field_1\" class=\"wpforms-field-large wpforms-field-required\" name=\"wpforms[fields][1]\" aria-errormessage=\"wpforms-588-field_1-error\" required><\/div>\t\t<div id=\"wpforms-588-field_5-container\"\n\t\t\tclass=\"wpforms-field wpforms-field-text\"\n\t\t\tdata-field-type=\"text\"\n\t\t\tdata-field-id=\"5\"\n\t\t\t>\n\t\t\t<label class=\"wpforms-field-label\" for=\"wpforms-588-field_5\" >Email Name Datenschutzerkl\u00e4rung<\/label>\n\t\t\t<input type=\"text\" id=\"wpforms-588-field_5\" class=\"wpforms-field-medium\" name=\"wpforms[fields][5]\" >\n\t\t<\/div>\n\t\t<div id=\"wpforms-588-field_2-container\" class=\"wpforms-field wpforms-field-email\" data-field-id=\"2\"><label class=\"wpforms-field-label\" for=\"wpforms-588-field_2\">Email <span class=\"wpforms-required-label\" aria-hidden=\"true\">*<\/span><\/label><input type=\"email\" id=\"wpforms-588-field_2\" class=\"wpforms-field-large wpforms-field-required\" name=\"wpforms[fields][2]\" spellcheck=\"false\" aria-errormessage=\"wpforms-588-field_2-error\" required><\/div><div id=\"wpforms-588-field_3-container\" class=\"wpforms-field wpforms-field-textarea\" data-field-id=\"3\"><label class=\"wpforms-field-label\" for=\"wpforms-588-field_3\">Nachricht<\/label><textarea id=\"wpforms-588-field_3\" class=\"wpforms-field-medium\" name=\"wpforms[fields][3]\" aria-errormessage=\"wpforms-588-field_3-error\" ><\/textarea><\/div><div id=\"wpforms-588-field_4-container\" class=\"wpforms-field wpforms-field-checkbox\" data-field-id=\"4\"><fieldset><legend class=\"wpforms-field-label\">Einwilligung Datenschutzerkl\u00e4rung <span class=\"wpforms-required-label\" aria-hidden=\"true\">*<\/span><\/legend><ul id=\"wpforms-588-field_4\" class=\"wpforms-field-required\"><li class=\"choice-1 depth-1\"><input type=\"checkbox\" id=\"wpforms-588-field_4_1\" name=\"wpforms[fields][4][]\" value=\"Ich habe die &lt;a class=&quot;white&quot; href=&quot;..\/datenschutz\/&quot; target=&quot;_blank&quot;&gt;Datenschutzerkl\u00e4rung&lt;\/a&gt; gelesen und willige ein.\" aria-errormessage=\"wpforms-588-field_4_1-error\" required ><label class=\"wpforms-field-label-inline\" for=\"wpforms-588-field_4_1\">Ich habe die <a class=\"white\" href=\"..\/datenschutz\/\" target=\"_blank\">Datenschutzerkl\u00e4rung<\/a> gelesen und willige ein.<\/label><\/li><\/ul><\/fieldset><\/div><script>\n\t\t\t\t( function() {\n\t\t\t\t\tconst style = document.createElement( 'style' );\n\t\t\t\t\tstyle.appendChild( document.createTextNode( '#wpforms-588-field_5-container { position: absolute !important; overflow: hidden !important; display: inline !important; height: 1px !important; width: 1px !important; z-index: -1000 !important; padding: 0 !important; } #wpforms-588-field_5-container input { visibility: hidden; } #wpforms-conversational-form-page #wpforms-588-field_5-container label { counter-increment: none; }' ) );\n\t\t\t\t\tdocument.head.appendChild( style );\n\t\t\t\t\tdocument.currentScript?.remove();\n\t\t\t\t} )();\n\t\t\t<\/script><\/div><!-- .wpforms-field-container --><div class=\"wpforms-submit-container\" ><input type=\"hidden\" name=\"wpforms[id]\" value=\"588\"><input type=\"hidden\" name=\"page_title\" value=\"\"><input type=\"hidden\" name=\"page_url\" value=\"https:\/\/karate.at\/ried\/wp-json\/wp\/v2\/pages\/54\"><input type=\"hidden\" name=\"url_referer\" value=\"\"><button type=\"submit\" name=\"wpforms[submit]\" id=\"wpforms-submit-588\" class=\"wpforms-submit\" data-alt-text=\"Nachricht wird gesendet ...\" data-submit-text=\"Nachricht senden\" aria-live=\"assertive\" value=\"wpforms-submit\">Nachricht senden<\/button><img loading=\"lazy\" decoding=\"async\" src=\"https:\/\/karate.at\/ried\/wp-content\/plugins\/wpforms-lite\/assets\/images\/submit-spin.svg\" class=\"wpforms-submit-spinner\" style=\"display: none;\" width=\"26\" height=\"26\" alt=\"Loading\"><\/div><\/form><\/div>  <!-- .wpforms-container -->\t\t\t\t<\/div>\n\t\t\t\t<\/div>\n\t\t\t\t\t<\/div>\n\t\t\t\t<\/div>\n\t\t\t\t<\/div>\n\t\t","protected":false},"excerpt":{"rendered":"<p>Shotokan Karatedo Daikoku Ried im Innkreis Aktuelles Anf\u00e4ngerkurs AKTUELLES Samstag, 2. Mai, 15:00\u201318:30Lehrgang SalzburgSportzentrum Nord, SalzburgInstruktor: Koga Rikuta ShihanAbfahrt vom Gymnasium um 13:00 Sonntag, 3. Mai, 10:00\u201312:00Oberstufentraining (ab 5. Ky\u016b) HenndorfVolksschule HenndorfAbfahrt vom Gymnasium um 8:30 Samstag, 30. Mai, 11:0031. Int. Ky\u016b-Turnier Stra\u00dfwalchenMittelschule Stra\u00dfwalchenAbfahrt vom Gymnasium um 9:30 Samstag, 13. Juni, 15:00\u201318:30Lehrgang RechnitzInfos bez\u00fcglich Hin- [&hellip;]<\/p>\n","protected":false},"author":2,"featured_media":0,"parent":0,"menu_order":0,"comment_status":"closed","ping_status":"closed","template":"elementor_header_footer","meta":{"footnotes":""},"class_list":["post-54","page","type-page","status-publish","hentry"],"blocksy_meta":[],"yoast_head":"<!-- This site is optimized with the Yoast SEO plugin v27.4 - https:\/\/yoast.com\/product\/yoast-seo-wordpress\/ -->\n<title>Shotokan Karatedo Daikoku Ried - Karatedo Daikoku Ried \u2013 Shotokan Karate Verein in Ried<\/title>\n<meta name=\"description\" content=\"Karatedo Daikoku Ried unterrichtet Shotokan Karate. Erfahrene Trainer und mit Fortbildungen bei japanischen Sensei in \u00d6sterreich.\" \/>\n<meta name=\"robots\" content=\"index, follow, max-snippet:-1, max-image-preview:large, max-video-preview:-1\" \/>\n<link rel=\"canonical\" href=\"https:\/\/karate.at\/ried\/\" \/>\n<meta property=\"og:locale\" content=\"de_DE\" \/>\n<meta property=\"og:type\" content=\"article\" \/>\n<meta property=\"og:title\" content=\"Shotokan Karatedo Daikoku Ried - Karatedo Daikoku Ried \u2013 Shotokan Karate Verein in Ried\" \/>\n<meta property=\"og:description\" content=\"Karatedo Daikoku Ried unterrichtet Shotokan Karate. Erfahrene Trainer und mit Fortbildungen bei japanischen Sensei in \u00d6sterreich.\" \/>\n<meta property=\"og:url\" content=\"https:\/\/karate.at\/ried\/\" \/>\n<meta property=\"og:site_name\" content=\"Shotokan Karatedo Daikoku Ried\" \/>\n<meta property=\"article:publisher\" content=\"https:\/\/www.facebook.com\/daikokukarateried\" \/>\n<meta property=\"article:modified_time\" content=\"2026-04-23T14:53:13+00:00\" \/>\n<meta property=\"og:image\" content=\"https:\/\/karate.at\/ried\/wp-content\/uploads\/2026\/01\/daikoku-logo.png\" \/>\n\t<meta property=\"og:image:width\" content=\"401\" \/>\n\t<meta property=\"og:image:height\" content=\"535\" \/>\n\t<meta property=\"og:image:type\" content=\"image\/png\" \/>\n<meta name=\"twitter:card\" content=\"summary_large_image\" \/>\n<meta name=\"twitter:label1\" content=\"Gesch\u00e4tzte Lesezeit\" \/>\n\t<meta name=\"twitter:data1\" content=\"1 Minute\" \/>\n<script type=\"application\/ld+json\" class=\"yoast-schema-graph\">{\"@context\":\"https:\\\/\\\/schema.org\",\"@graph\":[{\"@type\":\"WebPage\",\"@id\":\"https:\\\/\\\/karate.at\\\/ried\\\/\",\"url\":\"https:\\\/\\\/karate.at\\\/ried\\\/\",\"name\":\"Shotokan Karatedo Daikoku Ried - Karatedo Daikoku Ried \u2013 Shotokan Karate Verein in Ried\",\"isPartOf\":{\"@id\":\"https:\\\/\\\/karate.at\\\/ried\\\/#website\"},\"primaryImageOfPage\":{\"@id\":\"https:\\\/\\\/karate.at\\\/ried\\\/#primaryimage\"},\"image\":{\"@id\":\"https:\\\/\\\/karate.at\\\/ried\\\/#primaryimage\"},\"thumbnailUrl\":\"https:\\\/\\\/karate.at\\\/ried\\\/wp-content\\\/uploads\\\/2026\\\/01\\\/daikoku-logo-225x300.png\",\"datePublished\":\"2025-12-26T13:39:02+00:00\",\"dateModified\":\"2026-04-23T14:53:13+00:00\",\"description\":\"Karatedo Daikoku Ried unterrichtet Shotokan Karate. Erfahrene Trainer und mit Fortbildungen bei japanischen Sensei in \u00d6sterreich.\",\"breadcrumb\":{\"@id\":\"https:\\\/\\\/karate.at\\\/ried\\\/#breadcrumb\"},\"inLanguage\":\"de-AT\",\"potentialAction\":[{\"@type\":\"ReadAction\",\"target\":[\"https:\\\/\\\/karate.at\\\/ried\\\/\"]}]},{\"@type\":\"ImageObject\",\"inLanguage\":\"de-AT\",\"@id\":\"https:\\\/\\\/karate.at\\\/ried\\\/#primaryimage\",\"url\":\"https:\\\/\\\/karate.at\\\/ried\\\/wp-content\\\/uploads\\\/2026\\\/01\\\/daikoku-logo.png\",\"contentUrl\":\"https:\\\/\\\/karate.at\\\/ried\\\/wp-content\\\/uploads\\\/2026\\\/01\\\/daikoku-logo.png\",\"width\":401,\"height\":535},{\"@type\":\"BreadcrumbList\",\"@id\":\"https:\\\/\\\/karate.at\\\/ried\\\/#breadcrumb\",\"itemListElement\":[{\"@type\":\"ListItem\",\"position\":1,\"name\":\"Startseite\",\"item\":\"https:\\\/\\\/karate.at\\\/ried\\\/\"},{\"@type\":\"ListItem\",\"position\":2,\"name\":\"Startseite\"}]},{\"@type\":\"WebSite\",\"@id\":\"https:\\\/\\\/karate.at\\\/ried\\\/#website\",\"url\":\"https:\\\/\\\/karate.at\\\/ried\\\/\",\"name\":\"Shotokan Karatedo Daikoku Ried\",\"description\":\"Shotokan Karatedo Daikoku Ried\",\"publisher\":{\"@id\":\"https:\\\/\\\/karate.at\\\/ried\\\/#organization\"},\"alternateName\":\"Karate Ried\",\"potentialAction\":[{\"@type\":\"SearchAction\",\"target\":{\"@type\":\"EntryPoint\",\"urlTemplate\":\"https:\\\/\\\/karate.at\\\/ried\\\/?s={search_term_string}\"},\"query-input\":{\"@type\":\"PropertyValueSpecification\",\"valueRequired\":true,\"valueName\":\"search_term_string\"}}],\"inLanguage\":\"de-AT\"},{\"@type\":\"Organization\",\"@id\":\"https:\\\/\\\/karate.at\\\/ried\\\/#organization\",\"name\":\"Shotokan Karatedo Daikoku Ried\",\"url\":\"https:\\\/\\\/karate.at\\\/ried\\\/\",\"logo\":{\"@type\":\"ImageObject\",\"inLanguage\":\"de-AT\",\"@id\":\"https:\\\/\\\/karate.at\\\/ried\\\/#\\\/schema\\\/logo\\\/image\\\/\",\"url\":\"https:\\\/\\\/karate.at\\\/ried\\\/wp-content\\\/uploads\\\/2026\\\/02\\\/logo-daikoku-ried-s-1.jpg\",\"contentUrl\":\"https:\\\/\\\/karate.at\\\/ried\\\/wp-content\\\/uploads\\\/2026\\\/02\\\/logo-daikoku-ried-s-1.jpg\",\"width\":401,\"height\":535,\"caption\":\"Shotokan Karatedo Daikoku Ried\"},\"image\":{\"@id\":\"https:\\\/\\\/karate.at\\\/ried\\\/#\\\/schema\\\/logo\\\/image\\\/\"},\"sameAs\":[\"https:\\\/\\\/www.facebook.com\\\/daikokukarateried\",\"https:\\\/\\\/www.instagram.com\\\/karate_ried\"]}]}<\/script>\n<!-- \/ Yoast SEO plugin. -->","yoast_head_json":{"title":"Shotokan Karatedo Daikoku Ried - Karatedo Daikoku Ried \u2013 Shotokan Karate Verein in Ried","description":"Karatedo Daikoku Ried unterrichtet Shotokan Karate. Erfahrene Trainer und mit Fortbildungen bei japanischen Sensei in \u00d6sterreich.","robots":{"index":"index","follow":"follow","max-snippet":"max-snippet:-1","max-image-preview":"max-image-preview:large","max-video-preview":"max-video-preview:-1"},"canonical":"https:\/\/karate.at\/ried\/","og_locale":"de_DE","og_type":"article","og_title":"Shotokan Karatedo Daikoku Ried - Karatedo Daikoku Ried \u2013 Shotokan Karate Verein in Ried","og_description":"Karatedo Daikoku Ried unterrichtet Shotokan Karate. Erfahrene Trainer und mit Fortbildungen bei japanischen Sensei in \u00d6sterreich.","og_url":"https:\/\/karate.at\/ried\/","og_site_name":"Shotokan Karatedo Daikoku Ried","article_publisher":"https:\/\/www.facebook.com\/daikokukarateried","article_modified_time":"2026-04-23T14:53:13+00:00","og_image":[{"width":401,"height":535,"url":"https:\/\/karate.at\/ried\/wp-content\/uploads\/2026\/01\/daikoku-logo.png","type":"image\/png"}],"twitter_card":"summary_large_image","twitter_misc":{"Gesch\u00e4tzte Lesezeit":"1 Minute"},"schema":{"@context":"https:\/\/schema.org","@graph":[{"@type":"WebPage","@id":"https:\/\/karate.at\/ried\/","url":"https:\/\/karate.at\/ried\/","name":"Shotokan Karatedo Daikoku Ried - Karatedo Daikoku Ried \u2013 Shotokan Karate Verein in Ried","isPartOf":{"@id":"https:\/\/karate.at\/ried\/#website"},"primaryImageOfPage":{"@id":"https:\/\/karate.at\/ried\/#primaryimage"},"image":{"@id":"https:\/\/karate.at\/ried\/#primaryimage"},"thumbnailUrl":"https:\/\/karate.at\/ried\/wp-content\/uploads\/2026\/01\/daikoku-logo-225x300.png","datePublished":"2025-12-26T13:39:02+00:00","dateModified":"2026-04-23T14:53:13+00:00","description":"Karatedo Daikoku Ried unterrichtet Shotokan Karate. Erfahrene Trainer und mit Fortbildungen bei japanischen Sensei in \u00d6sterreich.","breadcrumb":{"@id":"https:\/\/karate.at\/ried\/#breadcrumb"},"inLanguage":"de-AT","potentialAction":[{"@type":"ReadAction","target":["https:\/\/karate.at\/ried\/"]}]},{"@type":"ImageObject","inLanguage":"de-AT","@id":"https:\/\/karate.at\/ried\/#primaryimage","url":"https:\/\/karate.at\/ried\/wp-content\/uploads\/2026\/01\/daikoku-logo.png","contentUrl":"https:\/\/karate.at\/ried\/wp-content\/uploads\/2026\/01\/daikoku-logo.png","width":401,"height":535},{"@type":"BreadcrumbList","@id":"https:\/\/karate.at\/ried\/#breadcrumb","itemListElement":[{"@type":"ListItem","position":1,"name":"Startseite","item":"https:\/\/karate.at\/ried\/"},{"@type":"ListItem","position":2,"name":"Startseite"}]},{"@type":"WebSite","@id":"https:\/\/karate.at\/ried\/#website","url":"https:\/\/karate.at\/ried\/","name":"Shotokan Karatedo Daikoku Ried","description":"Shotokan Karatedo Daikoku Ried","publisher":{"@id":"https:\/\/karate.at\/ried\/#organization"},"alternateName":"Karate Ried","potentialAction":[{"@type":"SearchAction","target":{"@type":"EntryPoint","urlTemplate":"https:\/\/karate.at\/ried\/?s={search_term_string}"},"query-input":{"@type":"PropertyValueSpecification","valueRequired":true,"valueName":"search_term_string"}}],"inLanguage":"de-AT"},{"@type":"Organization","@id":"https:\/\/karate.at\/ried\/#organization","name":"Shotokan Karatedo Daikoku Ried","url":"https:\/\/karate.at\/ried\/","logo":{"@type":"ImageObject","inLanguage":"de-AT","@id":"https:\/\/karate.at\/ried\/#\/schema\/logo\/image\/","url":"https:\/\/karate.at\/ried\/wp-content\/uploads\/2026\/02\/logo-daikoku-ried-s-1.jpg","contentUrl":"https:\/\/karate.at\/ried\/wp-content\/uploads\/2026\/02\/logo-daikoku-ried-s-1.jpg","width":401,"height":535,"caption":"Shotokan Karatedo Daikoku Ried"},"image":{"@id":"https:\/\/karate.at\/ried\/#\/schema\/logo\/image\/"},"sameAs":["https:\/\/www.facebook.com\/daikokukarateried","https:\/\/www.instagram.com\/karate_ried"]}]}},"_links":{"self":[{"href":"https:\/\/karate.at\/ried\/wp-json\/wp\/v2\/pages\/54","targetHints":{"allow":["GET"]}}],"collection":[{"href":"https:\/\/karate.at\/ried\/wp-json\/wp\/v2\/pages"}],"about":[{"href":"https:\/\/karate.at\/ried\/wp-json\/wp\/v2\/types\/page"}],"author":[{"embeddable":true,"href":"https:\/\/karate.at\/ried\/wp-json\/wp\/v2\/users\/2"}],"replies":[{"embeddable":true,"href":"https:\/\/karate.at\/ried\/wp-json\/wp\/v2\/comments?post=54"}],"version-history":[{"count":84,"href":"https:\/\/karate.at\/ried\/wp-json\/wp\/v2\/pages\/54\/revisions"}],"predecessor-version":[{"id":1847,"href":"https:\/\/karate.at\/ried\/wp-json\/wp\/v2\/pages\/54\/revisions\/1847"}],"wp:attachment":[{"href":"https:\/\/karate.at\/ried\/wp-json\/wp\/v2\/media?parent=54"}],"curies":[{"name":"wp","href":"https:\/\/api.w.org\/{rel}","templated":true}]}}