{"id":58,"date":"2025-12-26T14:51:27","date_gmt":"2025-12-26T13:51:27","guid":{"rendered":"https:\/\/karate.at\/ried\/?page_id=58"},"modified":"2026-04-01T08:19:03","modified_gmt":"2026-04-01T07:19:03","slug":"datenschutz","status":"publish","type":"page","link":"https:\/\/karate.at\/ried\/datenschutz\/","title":{"rendered":"Datenschutz"},"content":{"rendered":"\t\t<div data-elementor-type=\"wp-page\" data-elementor-id=\"58\" class=\"elementor elementor-58\">\n\t\t\t\t<div class=\"elementor-element elementor-element-7bafba6 e-flex e-con-boxed e-con e-parent\" data-id=\"7bafba6\" data-element_type=\"container\" data-e-type=\"container\" data-settings=\"{&quot;background_background&quot;:&quot;classic&quot;}\">\n\t\t\t\t\t<div class=\"e-con-inner\">\n\t\t\t\t\t<\/div>\n\t\t\t\t<\/div>\n\t\t<div class=\"elementor-element elementor-element-16a25ad e-flex e-con-boxed e-con e-parent\" data-id=\"16a25ad\" data-element_type=\"container\" data-e-type=\"container\">\n\t\t\t\t\t<div class=\"e-con-inner\">\n\t\t\t\t<div class=\"elementor-element elementor-element-d3cdb79 elementor-widget elementor-widget-heading\" data-id=\"d3cdb79\" data-element_type=\"widget\" data-e-type=\"widget\" data-widget_type=\"heading.default\">\n\t\t\t\t\t<h2 class=\"elementor-heading-title elementor-size-default\">Datenschutz<\/h2>\t\t\t\t<\/div>\n\t\t\t\t\t<\/div>\n\t\t\t\t<\/div>\n\t\t<div class=\"elementor-element elementor-element-23baf50 e-flex e-con-boxed e-con e-parent\" data-id=\"23baf50\" data-element_type=\"container\" data-e-type=\"container\">\n\t\t\t\t\t<div class=\"e-con-inner\">\n\t\t<div class=\"elementor-element elementor-element-e3f6584 e-con-full e-flex e-con e-child\" data-id=\"e3f6584\" data-element_type=\"container\" data-e-type=\"container\">\n\t\t\t\t<div class=\"elementor-element elementor-element-69c6f96 elementor-widget__width-initial elementor-widget elementor-widget-text-editor\" data-id=\"69c6f96\" data-element_type=\"widget\" data-e-type=\"widget\" data-widget_type=\"text-editor.default\">\n\t\t\t\t\t\t\t\t\t<p><b style=\"font-family: inherit; font-size: inherit; font-style: inherit; font-variant-ligatures: inherit; font-variant-caps: inherit;\">DATENSCHUTZORDNUNG DES VEREINS SHOTOKAN KARATEDO DAIKOKU RIED<\/b><\/p><p>1. Der Verein Shotokan Karatedo Daikoku Ried (ZVR: 366924536) mit dem Sitz in Ried im Innkreis \u2013 im Folgenden kurz \u201eVerein\u201c \u2013 ist ein gemeinn\u00fctziger kleinerer Verein.<\/p><p>2. Der Vereins- und Vertragszweck des Vereins und der Mitgliedschaft des Betroffenen\/Mitgliedes \u2013 im Folgenden kurz \u201eMitglied\u201c \u2013 ist die Abhaltung eines Trainings- und Meisterschaftsbetriebs f\u00fcr traditionelles Shotokan Karatedo samt einer angemessenen \u00d6ffentlichkeitsarbeit.<\/p><p>3. Die Mitglieder geh\u00f6ren der Mitgliederversammlung im Sinn des \u00a7 5 Vereinsgesetz an und k\u00f6nnen daher auf die Willensbildung des Vereins Shotokan Karatedo Daikoku Ried auch in datenschutzrechtlichen Angelegen-heiten Einfluss nehmen.<\/p><p>4. Der Verein sowie die Mitglieder sind gleichzeitig Mitglieder der Shotokan Karatedo International Austrian Federation (ZVR: 323524199), mit Sitz in Braunau am Inn, \u2013 im Folgenden kurz SKIAF \u2013, des Landesverbands Ober\u00f6sterreich (ZVR: 773071715) mit Sitz in Ried im Innkreis, sowie des Dachverbands ASV\u00d6.<\/p><p>5. Der Verein verarbeitet personenbezogene Daten u.a. von Mitgliedern, Teilnehmern am Sport- und Kursbetrieb und Mitarbeitern sowohl automatisiert in EDV-Anlagen mit Standardanwendungen als auch nicht automatisiert in einem Dateisystem, z.B. in Form von ausgedruckten Listen. Dar\u00fcber hinaus werden personenbezogene Daten im Internet und in Druckschriften ver\u00f6ffentlicht und an Dritte (Steuerberater, EDV-Dienstleister etc.) \u00fcbermittelt. Die Bestimmungen dieser Datenschutzordnung gelten sinngem\u00e4\u00df f\u00fcr Betroffene, die nicht auch Mitglieder des Vereins sind.<\/p><p>6. Verantwortlicher der Datenverarbeitung ist der Shotokan Karatedo Daikoku Ried (ZVR: 366924536) mit dem Sitz in Ried im Innkreis, ried@karate.at, vertreten durch den Vorstand Mark Wittmann (Obmann), Josef Weixlberger (Obmann Stv.), Manfred Hammerer (Schriftf\u00fchrer), Irene Maier (Schriftf\u00fchrer Stv.), Herbert H\u00f6randner (Kassier) und Gisela Stumpf (Kassier Stv.), Niklas Steinhuber (Jugendbeirat), Silke Papp (Elternbeirat). Ansprechperson ist Mark Wittmann, ried@karate.at. Der Vorstand f\u00fchrt ein Verarbeitungsverzeichnis gem\u00e4\u00df \u00a7 30 Abs. 1 DSGVO.<\/p><p>7. Der Verein Shotokan Karatedo Daikoku Ried verarbeitet und \u00fcbermittelt grunds\u00e4tzlich nur Daten, die f\u00fcr die Erf\u00fcllung des Vereinszweckes unbedingt notwendig sind bzw. die f\u00fcr die Erf\u00fcllung rechtlicher Verpflichtungen des Vereins erforderlich sind. Die Verarbeitung dieser Daten ist daher prim\u00e4r nach Art 6 Abs. 1 lit b und lit c DSGVO gerechtfertigt. Der Verein verzichtet daher, soweit es nicht unbedingt erforderlich ist, auf die Einholung einer gesonderten Einwilligung, um das Mitglied nicht \u00fcber die Unentbehrlichkeit der Verarbeitung zu t\u00e4uschen.<\/p><p>8. Es werden vom Verein Shotokan Karatedo Daikoku Ried keine besonderen Kategorien von personenbezogenen Daten verarbeitet (\u201esensible Daten\u201c wie etwa rassische und ethnische Herkunft, politische Meinungen, religi\u00f6se oder weltanschauliche \u00dcberzeugungen, Gewerkschaftszugeh\u00f6rigkeit, genetische Daten, biometrische Daten zur eindeutigen Identifizierung einer nat\u00fcrlichen Person, Gesundheitsdaten oder Daten zum Sexualleben oder der sexuellen Orientierung) und sind die verarbeiteten Daten zumeist durch Einsicht in \u00f6ffentliche Register, Telefonb\u00fccher bzw. Social Media frei zug\u00e4nglich.<\/p><p>9. Der Verein verarbeitet folgende Daten der Mitglieder: Familien- und Vorname, Geburtsdatum, Geschlecht, E-Mail-Adresse, Telefonnummer, Foto, Bankverbindung; Familienstatus und -angeh\u00f6rige, gesetzliche Vertreter, Mitgliedstarifgruppe, Datum Vereinsbeitritt und -austritt, Funktion im Verein, Mitgliedsnummer SKIAF, Teilnahme an Vereinstrainings, Teilnahme an Lehrg\u00e4ngen der SKIAF, Meisterschaftsplatzierungen, Pr\u00fcfungen und Gradierung und DAN-Diplomnummern.<\/p><p>10. Der Verein erhebt diese Daten unmittelbar beim Mitglied, dessen gesetzlichen Vertreter oder mittelbar bei der SKIAF. Im Rahmen der Mitgliedschaft bei der SKIAF und im Landesverband Ober\u00f6sterreich werden Daten der Mitglieder an diese weitergeleitet, soweit dies im Rahmen der Mitgliedschaft bei der SKIAF bzw. des Lehrgangs- und Meisterschaftsbetriebs notwendig ist. Dies gilt sinngem\u00e4\u00df f\u00fcr die Mitgliedschaft in einem Dachverband.<\/p><p>11. Der Verein ver\u00f6ffentlicht im Rahmen der \u00d6ffentlichkeitsarbeit personenbezogene Daten in Aush\u00e4ngen, in der Vereinszeitung und in Internetauftritten und gibt diese an die Presse weiter. Hierzu z\u00e4hlen insbesondere die Daten Meisterschaftsplatzierungen und erfolgreiche absolvierte Pr\u00fcfungen sowie Daten im Rahmen von Vereinsveranstaltungen. Die Ver\u00f6ffentlichung von Fotos und Videos, die au\u00dferhalb \u00f6ffentlicher Veranstaltungen gemacht wurden bzw. die geneigt sind, berechtigte Interessen zu verletzen, erfolgt ausschlie\u00dflich auf Grundlage einer Einwilligung des Mitglieds. Auf der Internetseite des Vereins werden die Daten der Mitglieder, des Vorstands und der \u00dcbungsleiter mit Vorname, Nachname und Funktion ver\u00f6ffentlicht.<\/p><p>12. Der Verein Shotokan Karatedo Daikoku Ried ben\u00f6tigt weder einen Datenschutzbeauftragten (Art 37 DSGVO) noch eine Datenschutzfolgeabsch\u00e4tzung (Art 35 DSGVO).<\/p><p>13. Alle Funktion\u00e4re und Mitarbeiter des Vereins sind zum sorgf\u00e4ltigen Umgang mit den Daten und Geheimhaltung dieser verpflichtet. Es wird bei der Verarbeitung auf ein angemessenes Sicherheitsniveau geachtet und erfolgt lediglich der Einsatz von Standardanwendungen.<\/p><p>14. Der Verein kommuniziert soweit m\u00f6glich per E-Mail. Eine Kommunikation mittels Kurznachrichtendienst ist nicht vorgesehen.<\/p><p>15. Daten werden grunds\u00e4tzlich nach 7 Jahren nach dem Jahr des Vereinsaustritts eines Mitgliedes gel\u00f6scht.<\/p><p>16. Einem Mitglied stehen grunds\u00e4tzlich die Rechte auf Auskunft, Berichtigung, L\u00f6schung, Einschr\u00e4nkung, Daten\u00fcbertragbarkeit und Widerspruch zu. Diese Rechte sind beim Vorstand mittels E-Mail an ried@karate.at geltend zu machen. Ein Mitglied, das glaubt, dass seine datenschutzrechtlichen Anspr\u00fcche sonst in einer Weise verletzt worden sind, kann sich bei der Datenschutzbeh\u00f6rde beschweren.<\/p><p><b>DATENSCHUTZINFORMATION GEM\u00c4SS ART 13 DSGVO<\/b><\/p><p><b>Grundlegendes<\/b><br \/>Diese Datenschutzerkl\u00e4rung soll die Nutzer dieser Website \u00fcber die Art, den Umfang und den Zweck der Erhebung und Verwendung personenbezogener Daten durch den Websitebetreiber, Shotokan Karatedo Daikoku Ried im Innkreis (Wilhelm-Soukup-Weg 11, 4910 Ried im Innkreis), informieren. Der Websitebetreiber nimmt Ihren Datenschutz sehr ernst und behandelt Ihre personenbezogenen Daten vertraulich und entsprechend der gesetzlichen Vorschriften. Da durch neue Technologien und die st\u00e4ndige Weiterentwicklung dieser Webseite \u00c4nderungen an dieser Datenschutzerkl\u00e4rung vorgenommen werden k\u00f6nnen, empfehlen wir Ihnen sich die Datenschutzerkl\u00e4rung in regelm\u00e4\u00dfigen Abst\u00e4nden wieder durchzulesen. Definitionen der verwendeten Begriffe (z.B. \u201epersonenbezogene Daten\u201c oder \u201eVerarbeitung\u201c) finden Sie in Art. 4 DSGVO.<\/p><p><b>Zugriffsdaten<\/b><br \/>Wir, der Websitebetreiber bzw. Seitenprovider, erheben aufgrund unseres berechtigten Interesses (s. Art. 6 Abs. 1 lit. f. DSGVO) Daten \u00fcber Zugriffe auf die Website und speichern diese als \u201eServer-Logfiles\u201c auf dem Server der Website ab. Folgende Daten werden so protokolliert:<br \/>#Besuchte Website<br \/>#Uhrzeit zum Zeitpunkt des Zugriffes<br \/>#Menge der gesendeten Daten in Byte<br \/>#Quelle\/Verweis, von welchem Sie auf die Seite gelangten<br \/>#Verwendeter Browser<br \/>#Verwendetes Betriebssystem<br \/>#Verwendete IP-Adresse<\/p><p>Die Server-Logfiles werden f\u00fcr maximal 7 Tage gespeichert und anschlie\u00dfend gel\u00f6scht. Die Speicherung der Daten erfolgt aus Sicherheitsgr\u00fcnden, um z.B. Missbrauchsf\u00e4lle aufkl\u00e4ren zu k\u00f6nnen. M\u00fcssen Daten aus Beweisgr\u00fcnden aufgehoben werden, sind sie solange von der L\u00f6schung ausgenommen bis der Vorfall endg\u00fcltig gekl\u00e4rt ist.<\/p><p>Reichweitenmessung &amp; Cookies<br \/>Diese Website verwendet Cookies zur pseudonymisierten Reichweitenmessung, die entweder von unserem Server oder dem Server Dritter an den Browser des Nutzers \u00fcbertragen werden. Bei Cookies handelt es sich um kleine Dateien, welche auf Ihrem Endger\u00e4t gespeichert werden. Ihr Browser greift auf diese Dateien zu. Durch den Einsatz von Cookies erh\u00f6ht sich die Benutzerfreundlichkeit und Sicherheit dieser Website. Zwei Arten von Cookies werden auf dieser Website verwendet:<br \/>Session Cookies: Das sind tempor\u00e4re Cookies, die bis zum Verlassen unserer Website in der Cookie-Datei Ihres Browsers verweilen und nach Ende Ihres Besuchs automatisch gel\u00f6scht werden.<br \/>Dauerhafte Cookies: F\u00fcr eine bessere Benutzerfreundlichkeit bleiben Cookies auf Ihrem Endger\u00e4t gespeichert und erlauben es uns, Ihren Browser beim n\u00e4chsten Besuch wiederzuerkennen.<br \/>Falls Sie nicht m\u00f6chten, dass Cookies zur Reichweitenmessung auf Ihrem Endger\u00e4t gespeichert werden, k\u00f6nnen Sie dem Einsatz dieser Dateien hier widersprechen:<\/p><p><b>Cookie-Deaktivierungsseite der Netzwerkwerbeinitiative:<br \/><\/b>http:\/\/optout.networkadvertising.org\/?c=1#!\/<br \/>Cookie-Deaktivierungsseite der US-amerikanischen Website:<br \/>http:\/\/optout.aboutads.info\/?c=2#!\/<br \/>Cookie-Deaktivierungsseite der europ\u00e4ischen Website:<br \/>http:\/\/optout.networkadvertising.org\/?c=1#!\/<\/p><p>G\u00e4ngige Browser bieten die Einstellungsoption, Cookies nicht zuzulassen. Hinweis: Es ist nicht gew\u00e4hrleistet, dass Sie auf alle Funktionen dieser Website ohne Einschr\u00e4nkungen zugreifen k\u00f6nnen, wenn Sie entsprechende Einstellungen vornehmen.<\/p><p><b>Umgang mit Kontaktdaten<br \/><\/b>Nehmen Sie mit uns als Websitebetreiber durch die angebotenen Kontaktm\u00f6glichkeiten Verbindung auf, werden Ihre Angaben gespeichert, damit auf diese zur Bearbeitung und Beantwortung Ihrer Anfrage zur\u00fcckgegriffen werden kann. Ohne Ihre Einwilligung werden diese Daten nicht an Dritte weitergegeben.<\/p><p>Erfassung und Verarbeitung personenbezogener Daten<br \/>Der Websitebetreiber erhebt, nutzt und gibt Ihre personenbezogenen Daten nur dann weiter, wenn dies im gesetzlichen Rahmen erlaubt ist oder Sie in die Datenerhebung einwilligen.<br \/>Als personenbezogene Daten gelten s\u00e4mtliche Informationen, welche dazu dienen, Ihre Person zu bestimmen und welche zu Ihnen zur\u00fcckverfolgt werden k\u00f6nnen \u2013 also beispielsweise Ihr Name, Ihre E-Mail-Adresse und Telefonnummer.<br \/>Diese Website k\u00f6nnen Sie auch besuchen, ohne Angaben zu Ihrer Person zu machen. Zur Verbesserung unseres Online-Angebotes speichern wir jedoch (ohne Personenbezug) Ihre Zugriffsdaten auf diese Website. Zu diesen Zugriffsdaten geh\u00f6ren z. B. die von Ihnen angeforderte Datei oder der Name Ihres Internet-Providers. Durch die Anonymisierung der Daten sind R\u00fcckschl\u00fcsse auf Ihre Person nicht m\u00f6glich.<\/p><p><b>\u00dcbermittlung und Verarbeitung von Daten durch Dritte<br \/><\/b>Externe Dienstleister verarbeiten in unserem Auftrag personenbezogene Daten. Diese sind im Zuge der Vorgaben laut DSGVO zur Wahrung des Schutzes der \u00fcbermittelten Daten verpflichtet.<br \/>Daten unserer Kunden k\u00f6nnen im Zuge der Weiterverarbeitung oder im Zuge der Projektabwicklung extern verarbeitet durch:<br \/>Im Fall, dass sich Empf\u00e4nger Ihrer personenbezogenen Daten au\u00dferhalb Ihres Landes befinden oder dort Ihre personenbezogenen Daten verarbeiten: Das Datenschutzniveau in anderen L\u00e4ndern entspricht unter Umst\u00e4nden nicht dem \u00d6sterreichs. Wir \u00fcbermitteln Ihre personenbezogenen Daten jedoch nur in L\u00e4nder, f\u00fcr welche die EU-Kommission entschieden hat, dass sie \u00fcber ein angemessenes Datenschutzniveau verf\u00fcgen oder wir setzen Ma\u00dfnahmen, um zu gew\u00e4hrleisten, dass alle Empf\u00e4nger ein angemessenes Datenschutzniveau haben wozu wir Standardvertragsklauseln (2010\/87\/EC und\/oder 2004\/915\/EC) abschlie\u00dfen.<\/p><p><b>Speicherung der Daten<br \/><\/b>Die Daten sind zur Vertragsabwicklung erforderlich und werden zun\u00e4chst f\u00fcr die Dauer der Gesch\u00e4ftsbeziehung gespeichert. Rechtsgrundlage f\u00fcr die Verarbeitung und Speicherung der Daten sind:<br \/>Artikel 6 Abs. 1 lit. a DSGVO (Einwilligung der Betroffenen)<br \/>Artikel 6 Abs. 1 lit. b DSGVO (zur Vertragserf\u00fcllung erforderlich)<br \/>Artikel 6 Abs. 1 lit. c DSGVO (gesetzliche Verpflichtung insb. nach der BAO und dem UGB)<br \/>Artikel 6 Abs. 1 lit. f DSGVO (berechtigte Interessen des Verantwortlichen)<br \/>132 BAO<br \/>\u00a7 190, 212 UGB<\/p><p><b>L\u00f6schung von Daten<br \/><\/b>Sofern Ihr Wunsch nicht mit einer gesetzlichen Pflicht zur Aufbewahrung von Daten (z. B. Vorratsdatenspeicherung) kollidiert, haben Sie ein Anrecht auf L\u00f6schung Ihrer Daten. Von uns gespeicherte Daten werden, sollten sie f\u00fcr ihre Zweckbestimmung nicht mehr vonn\u00f6ten sein und es keine gesetzlichen Aufbewahrungsfristen geben, gel\u00f6scht. Falls eine L\u00f6schung nicht durchgef\u00fchrt werden kann, da die Daten f\u00fcr zul\u00e4ssige gesetzliche Zwecke erforderlich sind, erfolgt eine Einschr\u00e4nkung der Datenverarbeitung. In diesem Fall werden die Daten gesperrt und nicht f\u00fcr andere Zwecke verarbeitet.<\/p><p><b>Widerspruchsrecht<br \/><\/b>Nutzer dieser Webseite k\u00f6nnen von ihrem Widerspruchsrecht Gebrauch machen und der Verarbeitung ihrer personenbezogenen Daten zu jeder Zeit widersprechen. Wenn Sie eine Berichtigung, Sperrung, L\u00f6schung oder Auskunft \u00fcber die zu Ihrer Person gespeicherten personenbezogenen Daten w\u00fcnschen oder Fragen bzgl. der Erhebung, Verarbeitung oder Verwendung Ihrer personenbezogenen Daten haben oder erteilte Einwilligungen widerrufen m\u00f6chten, kontaktieren Sie uns bitte via E-Mail.<\/p><p><b>Server-Log-Files<br \/><\/b>Zur Optimierung dieser Website in Bezug auf die System-Performance, Benutzerfreundlichkeit und Bereitstellung von n\u00fctzlichen Informationen \u00fcber unsere Dienstleistungen erhebt und speichert der Provider der Website automatisch Informationen in so genannten Server-Log Files, die Ihr Browser automatisch an uns \u00fcbermittelt. Davon umfasst sind Ihre Internet-Protokoll Adresse (IP-Adresse), Browser und Spracheinstellung, Betriebssystem, Referrer URL, Ihr Internet Service Provider und Datum\/Uhrzeit.<br \/>Eine Zusammenf\u00fchrung dieser Daten mit personenbezogenen Datenquellen wird nicht vorgenommen. Wir behalten uns vor, diese Daten nachtr\u00e4glich zu pr\u00fcfen, wenn uns konkrete Anhaltspunkte f\u00fcr eine rechtswidrige Nutzung bekannt werden.<\/p><p><b>Umgang mit Kommentaren und Beitr\u00e4gen<br \/><\/b>Hinterlassen Sie auf dieser Website einen Beitrag oder Kommentar, wird Ihre IP-Adresse gespeichert. Dies erfolgt aufgrund unserer berechtigten Interessen im Sinne des Art. 6 Abs. 1 lit. f. DSGVO und dient der Sicherheit von uns als Websitebetreiber: Denn sollte Ihr Kommentar gegen geltendes Recht versto\u00dfen, k\u00f6nnen wir daf\u00fcr belangt werden, weshalb wir ein Interesse an der Identit\u00e4t des Kommentar- bzw. Beitragsautors haben.<\/p><p><b>Rechte des Nutzers<br \/><\/b>Sie haben als Nutzer das Recht, auf Antrag eine kostenlose Auskunft dar\u00fcber zu erhalten, welche personenbezogenen Daten \u00fcber Sie gespeichert wurden. Sie haben au\u00dferdem das Recht auf Berichtigung falscher Daten und auf die Verarbeitungseinschr\u00e4nkung oder L\u00f6schung Ihrer personenbezogenen Daten. Falls zutreffend, k\u00f6nnen Sie auch Ihr Recht auf Datenportabilit\u00e4t geltend machen. Sollten Sie annehmen, dass Ihre Daten unrechtm\u00e4\u00dfig verarbeitet wurden, k\u00f6nnen Sie eine Beschwerde bei der zust\u00e4ndigen Aufsichtsbeh\u00f6rde einreichen.<\/p><p><b>Rechte als betroffene Person<br \/><\/b>Das Recht auf Auskunft \u00fcber die mich betreffenden personenbezogenen Daten,<br \/>auf Berichtigung, L\u00f6schung, Einschr\u00e4nkung der Verarbeitung, Widerspruch gegen die Verarbeitung sowie auf Daten\u00fcbertragbarkeit und jederzeitigen Widerruf einer Einwilligung.<\/p><p><b>Kontaktdaten<\/b><br \/>Telefon: +43 (0) 664 256 0 423<br \/>E-Mail: ried@karate.at<br \/>Wilhelm-Soukup-Weg 11, 4910 Ried im Innkreis<\/p>\t\t\t\t\t\t\t\t<\/div>\n\t\t\t\t<\/div>\n\t\t\t\t\t<\/div>\n\t\t\t\t<\/div>\n\t\t\t\t<\/div>\n\t\t","protected":false},"excerpt":{"rendered":"<p>Datenschutz DATENSCHUTZORDNUNG DES VEREINS SHOTOKAN KARATEDO DAIKOKU RIED 1. Der Verein Shotokan Karatedo Daikoku Ried (ZVR: 366924536) mit dem Sitz in Ried im Innkreis \u2013 im Folgenden kurz \u201eVerein\u201c \u2013 ist ein gemeinn\u00fctziger kleinerer Verein. 2. Der Vereins- und Vertragszweck des Vereins und der Mitgliedschaft des Betroffenen\/Mitgliedes \u2013 im Folgenden kurz \u201eMitglied\u201c \u2013 ist die [&hellip;]<\/p>\n","protected":false},"author":2,"featured_media":0,"parent":0,"menu_order":0,"comment_status":"closed","ping_status":"closed","template":"","meta":{"footnotes":""},"class_list":["post-58","page","type-page","status-publish","hentry"],"blocksy_meta":[],"yoast_head":"<!-- This site is optimized with the Yoast SEO plugin v27.4 - https:\/\/yoast.com\/product\/yoast-seo-wordpress\/ -->\n<title>Datenschutz - Shotokan Karatedo Daikoku Ried<\/title>\n<meta name=\"description\" content=\"Datenschutz Karatedo Daikoku Ried: Informationen zur Verarbeitung personenbezogener Daten gem\u00e4\u00df DSGVO und zu Ihren Rechten.\" \/>\n<meta name=\"robots\" content=\"index, follow, max-snippet:-1, max-image-preview:large, max-video-preview:-1\" \/>\n<link rel=\"canonical\" href=\"https:\/\/karate.at\/ried\/datenschutz\/\" \/>\n<meta property=\"og:locale\" content=\"de_DE\" \/>\n<meta property=\"og:type\" content=\"article\" \/>\n<meta property=\"og:title\" content=\"Datenschutz - Shotokan Karatedo Daikoku Ried\" \/>\n<meta property=\"og:description\" content=\"Datenschutz Karatedo Daikoku Ried: Informationen zur Verarbeitung personenbezogener Daten gem\u00e4\u00df DSGVO und zu Ihren Rechten.\" \/>\n<meta property=\"og:url\" content=\"https:\/\/karate.at\/ried\/datenschutz\/\" \/>\n<meta property=\"og:site_name\" content=\"Shotokan Karatedo Daikoku Ried\" \/>\n<meta property=\"article:publisher\" content=\"https:\/\/www.facebook.com\/daikokukarateried\" \/>\n<meta property=\"article:modified_time\" content=\"2026-04-01T07:19:03+00:00\" \/>\n<meta property=\"og:image\" content=\"https:\/\/karate.at\/ried\/wp-content\/uploads\/2026\/02\/karate-daikoku-home.jpg\" \/>\n\t<meta property=\"og:image:width\" content=\"1200\" \/>\n\t<meta property=\"og:image:height\" content=\"676\" \/>\n\t<meta property=\"og:image:type\" content=\"image\/jpeg\" \/>\n<meta name=\"twitter:card\" content=\"summary_large_image\" \/>\n<meta name=\"twitter:label1\" content=\"Gesch\u00e4tzte Lesezeit\" \/>\n\t<meta name=\"twitter:data1\" content=\"11 Minuten\" \/>\n<script type=\"application\/ld+json\" class=\"yoast-schema-graph\">{\"@context\":\"https:\\\/\\\/schema.org\",\"@graph\":[{\"@type\":\"WebPage\",\"@id\":\"https:\\\/\\\/karate.at\\\/ried\\\/datenschutz\\\/\",\"url\":\"https:\\\/\\\/karate.at\\\/ried\\\/datenschutz\\\/\",\"name\":\"Datenschutz - Shotokan Karatedo Daikoku Ried\",\"isPartOf\":{\"@id\":\"https:\\\/\\\/karate.at\\\/ried\\\/#website\"},\"datePublished\":\"2025-12-26T13:51:27+00:00\",\"dateModified\":\"2026-04-01T07:19:03+00:00\",\"description\":\"Datenschutz Karatedo Daikoku Ried: Informationen zur Verarbeitung personenbezogener Daten gem\u00e4\u00df DSGVO und zu Ihren Rechten.\",\"breadcrumb\":{\"@id\":\"https:\\\/\\\/karate.at\\\/ried\\\/datenschutz\\\/#breadcrumb\"},\"inLanguage\":\"de-AT\",\"potentialAction\":[{\"@type\":\"ReadAction\",\"target\":[\"https:\\\/\\\/karate.at\\\/ried\\\/datenschutz\\\/\"]}]},{\"@type\":\"BreadcrumbList\",\"@id\":\"https:\\\/\\\/karate.at\\\/ried\\\/datenschutz\\\/#breadcrumb\",\"itemListElement\":[{\"@type\":\"ListItem\",\"position\":1,\"name\":\"Startseite\",\"item\":\"https:\\\/\\\/karate.at\\\/ried\\\/\"},{\"@type\":\"ListItem\",\"position\":2,\"name\":\"Datenschutz\"}]},{\"@type\":\"WebSite\",\"@id\":\"https:\\\/\\\/karate.at\\\/ried\\\/#website\",\"url\":\"https:\\\/\\\/karate.at\\\/ried\\\/\",\"name\":\"Shotokan Karatedo Daikoku Ried\",\"description\":\"Shotokan Karatedo Daikoku Ried\",\"publisher\":{\"@id\":\"https:\\\/\\\/karate.at\\\/ried\\\/#organization\"},\"alternateName\":\"Karate Ried\",\"potentialAction\":[{\"@type\":\"SearchAction\",\"target\":{\"@type\":\"EntryPoint\",\"urlTemplate\":\"https:\\\/\\\/karate.at\\\/ried\\\/?s={search_term_string}\"},\"query-input\":{\"@type\":\"PropertyValueSpecification\",\"valueRequired\":true,\"valueName\":\"search_term_string\"}}],\"inLanguage\":\"de-AT\"},{\"@type\":\"Organization\",\"@id\":\"https:\\\/\\\/karate.at\\\/ried\\\/#organization\",\"name\":\"Shotokan Karatedo Daikoku Ried\",\"url\":\"https:\\\/\\\/karate.at\\\/ried\\\/\",\"logo\":{\"@type\":\"ImageObject\",\"inLanguage\":\"de-AT\",\"@id\":\"https:\\\/\\\/karate.at\\\/ried\\\/#\\\/schema\\\/logo\\\/image\\\/\",\"url\":\"https:\\\/\\\/karate.at\\\/ried\\\/wp-content\\\/uploads\\\/2026\\\/02\\\/logo-daikoku-ried-s-1.jpg\",\"contentUrl\":\"https:\\\/\\\/karate.at\\\/ried\\\/wp-content\\\/uploads\\\/2026\\\/02\\\/logo-daikoku-ried-s-1.jpg\",\"width\":401,\"height\":535,\"caption\":\"Shotokan Karatedo Daikoku Ried\"},\"image\":{\"@id\":\"https:\\\/\\\/karate.at\\\/ried\\\/#\\\/schema\\\/logo\\\/image\\\/\"},\"sameAs\":[\"https:\\\/\\\/www.facebook.com\\\/daikokukarateried\",\"https:\\\/\\\/www.instagram.com\\\/karate_ried\"]}]}<\/script>\n<!-- \/ Yoast SEO plugin. -->","yoast_head_json":{"title":"Datenschutz - Shotokan Karatedo Daikoku Ried","description":"Datenschutz Karatedo Daikoku Ried: Informationen zur Verarbeitung personenbezogener Daten gem\u00e4\u00df DSGVO und zu Ihren Rechten.","robots":{"index":"index","follow":"follow","max-snippet":"max-snippet:-1","max-image-preview":"max-image-preview:large","max-video-preview":"max-video-preview:-1"},"canonical":"https:\/\/karate.at\/ried\/datenschutz\/","og_locale":"de_DE","og_type":"article","og_title":"Datenschutz - Shotokan Karatedo Daikoku Ried","og_description":"Datenschutz Karatedo Daikoku Ried: Informationen zur Verarbeitung personenbezogener Daten gem\u00e4\u00df DSGVO und zu Ihren Rechten.","og_url":"https:\/\/karate.at\/ried\/datenschutz\/","og_site_name":"Shotokan Karatedo Daikoku Ried","article_publisher":"https:\/\/www.facebook.com\/daikokukarateried","article_modified_time":"2026-04-01T07:19:03+00:00","og_image":[{"width":1200,"height":676,"url":"https:\/\/karate.at\/ried\/wp-content\/uploads\/2026\/02\/karate-daikoku-home.jpg","type":"image\/jpeg"}],"twitter_card":"summary_large_image","twitter_misc":{"Gesch\u00e4tzte Lesezeit":"11 Minuten"},"schema":{"@context":"https:\/\/schema.org","@graph":[{"@type":"WebPage","@id":"https:\/\/karate.at\/ried\/datenschutz\/","url":"https:\/\/karate.at\/ried\/datenschutz\/","name":"Datenschutz - Shotokan Karatedo Daikoku Ried","isPartOf":{"@id":"https:\/\/karate.at\/ried\/#website"},"datePublished":"2025-12-26T13:51:27+00:00","dateModified":"2026-04-01T07:19:03+00:00","description":"Datenschutz Karatedo Daikoku Ried: Informationen zur Verarbeitung personenbezogener Daten gem\u00e4\u00df DSGVO und zu Ihren Rechten.","breadcrumb":{"@id":"https:\/\/karate.at\/ried\/datenschutz\/#breadcrumb"},"inLanguage":"de-AT","potentialAction":[{"@type":"ReadAction","target":["https:\/\/karate.at\/ried\/datenschutz\/"]}]},{"@type":"BreadcrumbList","@id":"https:\/\/karate.at\/ried\/datenschutz\/#breadcrumb","itemListElement":[{"@type":"ListItem","position":1,"name":"Startseite","item":"https:\/\/karate.at\/ried\/"},{"@type":"ListItem","position":2,"name":"Datenschutz"}]},{"@type":"WebSite","@id":"https:\/\/karate.at\/ried\/#website","url":"https:\/\/karate.at\/ried\/","name":"Shotokan Karatedo Daikoku Ried","description":"Shotokan Karatedo Daikoku Ried","publisher":{"@id":"https:\/\/karate.at\/ried\/#organization"},"alternateName":"Karate Ried","potentialAction":[{"@type":"SearchAction","target":{"@type":"EntryPoint","urlTemplate":"https:\/\/karate.at\/ried\/?s={search_term_string}"},"query-input":{"@type":"PropertyValueSpecification","valueRequired":true,"valueName":"search_term_string"}}],"inLanguage":"de-AT"},{"@type":"Organization","@id":"https:\/\/karate.at\/ried\/#organization","name":"Shotokan Karatedo Daikoku Ried","url":"https:\/\/karate.at\/ried\/","logo":{"@type":"ImageObject","inLanguage":"de-AT","@id":"https:\/\/karate.at\/ried\/#\/schema\/logo\/image\/","url":"https:\/\/karate.at\/ried\/wp-content\/uploads\/2026\/02\/logo-daikoku-ried-s-1.jpg","contentUrl":"https:\/\/karate.at\/ried\/wp-content\/uploads\/2026\/02\/logo-daikoku-ried-s-1.jpg","width":401,"height":535,"caption":"Shotokan Karatedo Daikoku Ried"},"image":{"@id":"https:\/\/karate.at\/ried\/#\/schema\/logo\/image\/"},"sameAs":["https:\/\/www.facebook.com\/daikokukarateried","https:\/\/www.instagram.com\/karate_ried"]}]}},"_links":{"self":[{"href":"https:\/\/karate.at\/ried\/wp-json\/wp\/v2\/pages\/58","targetHints":{"allow":["GET"]}}],"collection":[{"href":"https:\/\/karate.at\/ried\/wp-json\/wp\/v2\/pages"}],"about":[{"href":"https:\/\/karate.at\/ried\/wp-json\/wp\/v2\/types\/page"}],"author":[{"embeddable":true,"href":"https:\/\/karate.at\/ried\/wp-json\/wp\/v2\/users\/2"}],"replies":[{"embeddable":true,"href":"https:\/\/karate.at\/ried\/wp-json\/wp\/v2\/comments?post=58"}],"version-history":[{"count":4,"href":"https:\/\/karate.at\/ried\/wp-json\/wp\/v2\/pages\/58\/revisions"}],"predecessor-version":[{"id":1810,"href":"https:\/\/karate.at\/ried\/wp-json\/wp\/v2\/pages\/58\/revisions\/1810"}],"wp:attachment":[{"href":"https:\/\/karate.at\/ried\/wp-json\/wp\/v2\/media?parent=58"}],"curies":[{"name":"wp","href":"https:\/\/api.w.org\/{rel}","templated":true}]}}